{"id":33,"date":"2024-03-04T18:46:49","date_gmt":"2024-03-04T18:46:49","guid":{"rendered":"https:\/\/svenskelektronik.acrowd.se\/?post_type=focus_area&#038;p=33"},"modified":"2025-10-02T11:40:33","modified_gmt":"2025-10-02T11:40:33","slug":"elektronikskatten","status":"publish","type":"focus_area","link":"https:\/\/www.applia-sverige.se\/en\/fokusomraden\/elektronikskatten\/","title":{"rendered":"Electronics tax"},"content":{"rendered":"\n<p><strong>APPLiA driver tillsammans med andra branschf\u00f6reningar ett intensivt p\u00e5verkansarbete ang\u00e5ende den aktuella Elektronikskatten (LSKE), \u00e4ven kallad Kemikalieskatten.&nbsp;H\u00e4r hittar du aktuellt material i debatten.&nbsp;<\/strong><\/p>\n\n\n\n<h2 class=\"wp-block-heading\">V\u00e5r policy<\/h2>\n\n\n\n<ul class=\"wp-block-list\">\n<li>En ensidigt nationell beskattning \u00e4r inte r\u00e4tt metod f\u00f6r att snabba p\u00e5 en substitution av de aktuella flamskyddsmedlen d\u00e5 produkter med elektronikinneh\u00e5ll \u00e4r standardiserade f\u00f6r att s\u00e4ljas i alla EU-l\u00e4nder. EU:s RoHS-direktiv ska i st\u00e4llet anv\u00e4ndas som verktyg f\u00f6r detta f\u00f6r att f\u00e5 effekt.<\/li>\n\n\n\n<li>Svenska f\u00f6retag agerar p\u00e5 en global marknad \u2013 Elektronikskatten inneb\u00e4r de facto en rej\u00e4l konkurrensf\u00f6rdel f\u00f6r utl\u00e4ndska akt\u00f6rer, som s\u00e4ljer till svenska konsumenter i en \u00f6kande omfattning \u2013 d\u00e5 dessa \u00e4r helt befriade fr\u00e5n kemikalieskatt, vilket p\u00e5 sikt minskar skatteint\u00e4kterna och antalet arbetstillf\u00e4llen i Sverige, utan att g\u00f6ra n\u00e5gon nytta f\u00f6r milj\u00f6n eftersom de importerade produkterna fortfarande inneh\u00e5ller kemikalierna.<\/li>\n\n\n\n<li>Elektronikskattens administrativa b\u00f6rda \u00e4r orimlig f\u00f6r f\u00f6retagen och sv\u00e5rkontrollerad av myndigheterna \u2013 \u00e4nnu finns inga testmetoder f\u00f6r att kontrollera inneh\u00e5llet i produkterna, vilket g\u00f6r det sv\u00e5rt f\u00f6r alla inblandade akt\u00f6rer att tillse att r\u00e4tt skatt betalas och att inte konkurrensen \u00e5sidos\u00e4tts.<\/li>\n\n\n\n<li>Elektronikskattens konstruktion \u2013 uppb\u00f6rd f\u00f6r produktens totalvikt \/ utan h\u00e4nsyn till m\u00e4ngden av de ing\u00e5ende substanserna \u2013 g\u00f6r skatten oj\u00e4mnt och or\u00e4ttvist f\u00f6rdelad mellan n\u00e4ringsgrenarna.<\/li>\n\n\n\n<li>APPLiA driver fr\u00e5gan om f\u00f6r\u00e4ndring av Elektronikskattens och ett upptagande i RoHS f\u00f6r bromerade flamskyddsmedel i samr\u00e5d med Svenskt N\u00e4ringsliv, Teknikf\u00f6retagen och Svensk Handel.<\/li>\n<\/ul>\n\n\n\n<div style=\"height:43px\" aria-hidden=\"true\" class=\"wp-block-spacer\"><\/div>\n\n\n\n<figure class=\"wp-block-video\"><video height=\"360\" style=\"aspect-ratio: 640 \/ 360;\" width=\"640\" controls src=\"https:\/\/www.applia-sverige.se\/wp-content\/uploads\/2024\/04\/PauesAberg_Robert_02_1.mov\"><\/video><figcaption class=\"wp-element-caption\">F\u00f6rdjupa dig i Elektronikskatten och dess effekter tillsammans med Robert L\u00f6nn, skattejurist p\u00e5 Svenskt N\u00e4ringsliv. <\/figcaption><\/figure>\n\n\n\n<div style=\"height:43px\" aria-hidden=\"true\" class=\"wp-block-spacer\"><\/div>\n\n\n<section  class=\"tebab-block-file_list\">\n    \n            <h2>L\u00e4s mer<\/h2>\n    \n            <div class=\"file-list\">\n                                                            <a href=\"https:\/\/www.applia-sverige.se\/regeringen-skulle-ta-bort-elektronikskatten-men-hojde-den-trots-att-den-gynnar-temu-och-shein\/\" target=\"_blank\" class=\"styled-button\">\n                    <span>Debattartikel Aktuell H\u00e5llbarhet<\/span>\n                    <div class=\"icon-wrapper\">\n                        <div class=\"icon-external\"><\/div>\n                    <\/div>\n                <\/a>\n                                                            <a href=\"https:\/\/www.applia-sverige.se\/elektronikskatten-visar-varfor-sverige-tappar-i-konkurrenskraft\/\" target=\"_blank\" class=\"styled-button\">\n                    <span>Debattartikel Altinget<\/span>\n                    <div class=\"icon-wrapper\">\n                        <div class=\"icon-external\"><\/div>\n                    <\/div>\n                <\/a>\n                                                            <a href=\"https:\/\/www.applia-sverige.se\/regeringens-satsning-ar-otillracklig-elektronikskatten-maste-bort\/\" target=\"_blank\" class=\"styled-button\">\n                    <span>Pressmeddelande : Regeringens satsning \u00e4r otillr\u00e4cklig \u2013 elektronikskatten m\u00e5ste bort<\/span>\n                    <div class=\"icon-wrapper\">\n                        <div class=\"icon-external\"><\/div>\n                    <\/div>\n                <\/a>\n                                                            <a href=\"https:\/\/www.applia-sverige.se\/dokument\/rapport-den-ohallbara-elektronikskatten\/\" target=\"_blank\" class=\"styled-button\">\n                    <span>Rapport &#8221;Den oh\u00e5llbara elektronikskatten&#8221; 2025<\/span>\n                    <div class=\"icon-wrapper\">\n                        <div class=\"icon-external\"><\/div>\n                    <\/div>\n                <\/a>\n                                                            <a href=\"https:\/\/www.applia-sverige.se\/wp-content\/uploads\/2025\/03\/Applia_Rapport_Elektronikskatten-2024.pdf\" target=\"_blank\" class=\"styled-button\">\n                    <span>Rapport Elektronikskatten 2024<\/span>\n                    <div class=\"icon-wrapper\">\n                        <div class=\"icon-external\"><\/div>\n                    <\/div>\n                <\/a>\n                                                            <a href=\"https:\/\/www.applia-sverige.se\/dokument\/rapport-elektronikskatten-2023\/\" target=\"_self\" class=\"styled-button\">\n                    <span>Rapport Elektronikskatten 2023<\/span>\n                    <div class=\"icon-wrapper\">\n                        <div class=\"icon-external\"><\/div>\n                    <\/div>\n                <\/a>\n                                                            <a href=\"https:\/\/www.applia-sverige.se\/dokument\/rapport-elektronikskatten-2022\/\" target=\"_self\" class=\"styled-button\">\n                    <span>Rapport Elektronikskatten 2022<\/span>\n                    <div class=\"icon-wrapper\">\n                        <div class=\"icon-external\"><\/div>\n                    <\/div>\n                <\/a>\n                                                            <a href=\"https:\/\/www.applia-sverige.se\/wp-content\/uploads\/2025\/03\/250311-APPLiAs-remissvar-FI2024-01941-Remiss-av-betankandet-Om-ekonomiska-styrmedel-for-en-mer-Cirkular-ekonomi.pdf\" target=\"_blank\" class=\"styled-button\">\n                    <span>Remissvar &#8211; Om ekonomiska styrmedel f\u00f6r en mer cirkul\u00e4r ekonomi<\/span>\n                    <div class=\"icon-wrapper\">\n                        <div class=\"icon-external\"><\/div>\n                    <\/div>\n                <\/a>\n                                                            <a href=\"https:\/\/www.applia-sverige.se\/dokument\/remissvar-en-enklare-och-tydligare-kemikalieskatt\/\" target=\"_self\" class=\"styled-button\">\n                    <span>Remissvar &#8211; En enklare och tydligare kemikalieskatt<\/span>\n                    <div class=\"icon-wrapper\">\n                        <div class=\"icon-external\"><\/div>\n                    <\/div>\n                <\/a>\n                                                            <a href=\"https:\/\/www.applia-sverige.se\/dokument\/remissvar-bnp-indexering-av-elektronikskatt\/\" target=\"_self\" class=\"styled-button\">\n                    <span>Remissvar &#8211; BNP-indexering av skatterna p\u00e5 kemikalier i viss elektronik och p\u00e5 avfallsf\u00f6rbr\u00e4nning<\/span>\n                    <div class=\"icon-wrapper\">\n                        <div class=\"icon-external\"><\/div>\n                    <\/div>\n                <\/a>\n                                                            <a href=\"https:\/\/www.applia-sverige.se\/dokument\/remissvar-anvand-det-som-fungerar\/\" target=\"_self\" class=\"styled-button\">\n                    <span>Remissvar &#8211; Anv\u00e4nd det som fungerar<\/span>\n                    <div class=\"icon-wrapper\">\n                        <div class=\"icon-external\"><\/div>\n                    <\/div>\n                <\/a>\n                                                            <a href=\"https:\/\/www.applia-sverige.se\/dokument\/remissvar-en-ny-skattereduktion-for-reparationer-och-skattefri-uthyrning-av-personliga-tillgangar-2\/\" target=\"_self\" class=\"styled-button\">\n                    <span>Remissvar &#8211; En ny skattereduktion f\u00f6r reparationer och skattefri uthyrning av personliga tillg\u00e5ngar<\/span>\n                    <div class=\"icon-wrapper\">\n                        <div class=\"icon-external\"><\/div>\n                    <\/div>\n                <\/a>\n                                                            <a href=\"https:\/\/www.applia-sverige.se\/dokument\/remissvar-beskattning-av-utlandska-saljare-for-kemikalieskatten\/\" target=\"_self\" class=\"styled-button\">\n                    <span>Remissvar &#8211; Beskattning av utl\u00e4ndska s\u00e4ljare f\u00f6r kemikalieskatten<\/span>\n                    <div class=\"icon-wrapper\">\n                        <div class=\"icon-external\"><\/div>\n                    <\/div>\n                <\/a>\n                                                            <a href=\"https:\/\/www.applia-sverige.se\/dokument\/remissvar-hojd-energiskatt-och-koldioxidskatt-pa-branslen-vid-viss-anvandning-samt-hojd-skatt-pa-kemikalier-i-viss-elektronik\/\" target=\"_self\" class=\"styled-button\">\n                    <span>Remissvar &#8211; H\u00f6jd energiskatt och koldioxidskatt p\u00e5 br\u00e4nslen vid viss anv\u00e4ndning samt h\u00f6jd skatt p\u00e5 kemikalier i viss elektronik<\/span>\n                    <div class=\"icon-wrapper\">\n                        <div class=\"icon-external\"><\/div>\n                    <\/div>\n                <\/a>\n                    <\/div>\n    \n<\/section>\n\n\n<div style=\"height:69px\" aria-hidden=\"true\" class=\"wp-block-spacer\"><\/div>\n\n\n\n\n\n<div style=\"height:71px\" aria-hidden=\"true\" class=\"wp-block-spacer\"><\/div>\n\n\n\n<h4 class=\"wp-block-heading alignwide has-text-align-right\"><a href=\"https:\/\/www.applia-sverige.se\/om-applia\/nyheter\/?category=elektronikskatten\">Fler nyheter om elektronikskatten &gt;&gt;<\/a><\/h4>\n\n\n<section  class=\"tebab-block-posts_carousel alignwide type-post\">\n    \n            <div class=\"carousel-wrapper grab-to-scroll\">\n                                            <div class=\"post-carousel-card type-post\">\n    \n            <div class=\"featured_image\">\n            <img loading=\"lazy\" decoding=\"async\" width=\"300\" height=\"128\" src=\"https:\/\/www.applia-sverige.se\/wp-content\/uploads\/2026\/03\/Applia-december-17-300x128.png\" class=\"attachment-medium size-medium\" alt=\"\" srcset=\"https:\/\/www.applia-sverige.se\/wp-content\/uploads\/2026\/03\/Applia-december-17-300x128.png 300w, https:\/\/www.applia-sverige.se\/wp-content\/uploads\/2026\/03\/Applia-december-17-1024x436.png 1024w, https:\/\/www.applia-sverige.se\/wp-content\/uploads\/2026\/03\/Applia-december-17-768x327.png 768w, https:\/\/www.applia-sverige.se\/wp-content\/uploads\/2026\/03\/Applia-december-17-18x8.png 18w, https:\/\/www.applia-sverige.se\/wp-content\/uploads\/2026\/03\/Applia-december-17.png 1282w\" sizes=\"auto, (max-width: 300px) 100vw, 300px\" \/>        <\/div>\n    \n    <div class=\"content-wrapper\">\n        <div class=\"top\">\n                            <div class=\"categories\">\n                    <a tabindex=\"-1\" class=\"tag\" href=\"https:\/\/www.applia-sverige.se\/en\/nyheter\/?category=elektronikskatten\">Elektronikskatten<\/a>                <\/div>\n            \n            <div class=\"date\">\n                2026.03.09            <\/div>\n        <\/div>\n        \n        <h3><a tabindex=\"-1\" href=\"https:\/\/www.applia-sverige.se\/en\/15-miljarder-inbetalt-i-elektronikskatt\/\">15 miljarder inbetalt i elektronikskatt<\/a><\/h3>\n\n        \n        <div class=\"excerpt\">\n            <p>Nu har Skatteverket r\u00e4knat ihop 2025-\u00e5rs skatteint\u00e4kter fr\u00e5n elektronikskatten, som tas ut p\u00e5 alla vitvaror, dammsugare, PC, mobiler, sk\u00e4rmar, TV och \u00f6vrig hemelektronik. Sedan inf\u00f6randet av skatten i juli 2017 har nu drygt 15 miljarder (!) kronor betalats in till Skatteverket av svenska konsumenter, fastighetsbolag, skolor etc. i form av kraftigt h\u00f6gre priser p\u00e5 t.ex. [&hellip;]<\/p>\n        <\/div>\n\n                    <a class=\"read-more\" href=\"https:\/\/www.applia-sverige.se\/en\/15-miljarder-inbetalt-i-elektronikskatt\/\">\n            L\u00e4s mer            <span class=\"screenreader\"> om 15 miljarder inbetalt i elektronikskatt<\/span><div class=\"icon-chevron-right\"><\/div>\n        <\/a>\n            <\/div>\n<\/div>                                            <div class=\"post-carousel-card type-post\">\n    \n            <div class=\"featured_image\">\n            <img loading=\"lazy\" decoding=\"async\" width=\"300\" height=\"150\" src=\"https:\/\/www.applia-sverige.se\/wp-content\/uploads\/2025\/06\/AdobeStock_1124670532-300x150.jpeg\" class=\"attachment-medium size-medium\" alt=\"\" srcset=\"https:\/\/www.applia-sverige.se\/wp-content\/uploads\/2025\/06\/AdobeStock_1124670532-300x150.jpeg 300w, https:\/\/www.applia-sverige.se\/wp-content\/uploads\/2025\/06\/AdobeStock_1124670532-1024x512.jpeg 1024w, https:\/\/www.applia-sverige.se\/wp-content\/uploads\/2025\/06\/AdobeStock_1124670532-768x384.jpeg 768w, https:\/\/www.applia-sverige.se\/wp-content\/uploads\/2025\/06\/AdobeStock_1124670532-1536x768.jpeg 1536w, https:\/\/www.applia-sverige.se\/wp-content\/uploads\/2025\/06\/AdobeStock_1124670532-2048x1024.jpeg 2048w, https:\/\/www.applia-sverige.se\/wp-content\/uploads\/2025\/06\/AdobeStock_1124670532-1920x960.jpeg 1920w\" sizes=\"auto, (max-width: 300px) 100vw, 300px\" \/>        <\/div>\n    \n    <div class=\"content-wrapper\">\n        <div class=\"top\">\n                            <div class=\"categories\">\n                    <a tabindex=\"-1\" class=\"tag\" href=\"https:\/\/www.applia-sverige.se\/en\/nyheter\/?category=elektronikskatten\">Elektronikskatten<\/a>                <\/div>\n            \n            <div class=\"date\">\n                2025.11.26            <\/div>\n        <\/div>\n        \n        <h3><a tabindex=\"-1\" href=\"https:\/\/www.applia-sverige.se\/en\/hojd-elektronikskatt-fran-1-januari-2026\/\">H\u00f6jd elektronikskatt fr\u00e5n 1 januari 2026<\/a><\/h3>\n\n        \n        <div class=\"excerpt\">\n            <p>Skatteverket har nu meddelat de nya skattesatserna fr\u00e5n och med den 1 januari 2026 f\u00f6r den svenska elektronikskatten (LSKE) g\u00e4llande vitvaror och hemelektronik. Den indexuppr\u00e4kning som sker vid detta datum f\u00f6ljer normalt index fr\u00e5n juli till juli. 2026-\u00e5rs uppr\u00e4kning verkar dock ha skett p\u00e5 en n\u00e5got l\u00e4gre niv\u00e5 \u00e4n tidigare och landar p\u00e5 en \u00f6kning [&hellip;]<\/p>\n        <\/div>\n\n                    <a class=\"read-more\" href=\"https:\/\/www.applia-sverige.se\/en\/hojd-elektronikskatt-fran-1-januari-2026\/\">\n            L\u00e4s mer            <span class=\"screenreader\"> om H\u00f6jd elektronikskatt fr\u00e5n 1 januari 2026<\/span><div class=\"icon-chevron-right\"><\/div>\n        <\/a>\n            <\/div>\n<\/div>                                            <div class=\"post-carousel-card type-post\">\n    \n            <div class=\"featured_image\">\n            <img loading=\"lazy\" decoding=\"async\" width=\"300\" height=\"168\" src=\"https:\/\/www.applia-sverige.se\/wp-content\/uploads\/2025\/11\/AdobeStock_647507292-kopiera-300x168.jpg\" class=\"attachment-medium size-medium\" alt=\"\" srcset=\"https:\/\/www.applia-sverige.se\/wp-content\/uploads\/2025\/11\/AdobeStock_647507292-kopiera-300x168.jpg 300w, https:\/\/www.applia-sverige.se\/wp-content\/uploads\/2025\/11\/AdobeStock_647507292-kopiera-1024x574.jpg 1024w, https:\/\/www.applia-sverige.se\/wp-content\/uploads\/2025\/11\/AdobeStock_647507292-kopiera-768x430.jpg 768w, https:\/\/www.applia-sverige.se\/wp-content\/uploads\/2025\/11\/AdobeStock_647507292-kopiera-1536x861.jpg 1536w, https:\/\/www.applia-sverige.se\/wp-content\/uploads\/2025\/11\/AdobeStock_647507292-kopiera-18x10.jpg 18w, https:\/\/www.applia-sverige.se\/wp-content\/uploads\/2025\/11\/AdobeStock_647507292-kopiera.jpg 1747w\" sizes=\"auto, (max-width: 300px) 100vw, 300px\" \/>        <\/div>\n    \n    <div class=\"content-wrapper\">\n        <div class=\"top\">\n                            <div class=\"categories\">\n                    <a tabindex=\"-1\" class=\"tag\" href=\"https:\/\/www.applia-sverige.se\/en\/nyheter\/?category=elektronikskatten\">Elektronikskatten<\/a><a tabindex=\"-1\" class=\"tag\" href=\"https:\/\/www.applia-sverige.se\/en\/nyheter\/?category=foreningsnyheter\">F\u00f6reningsnyheter<\/a>                <\/div>\n            \n            <div class=\"date\">\n                2025.11.04            <\/div>\n        <\/div>\n        \n        <h3><a tabindex=\"-1\" href=\"https:\/\/www.applia-sverige.se\/en\/usas-nya-tullar-slar-hart-mot-europeisk-vitvaru-och-elektronikindustri\/\">USA:s nya tullar sl\u00e5r h\u00e5rt mot europeisk vitvaru- och elektronikindustri<\/a><\/h3>\n\n        \n        <div class=\"excerpt\">\n            <p>USA har inf\u00f6rt nya tullar p\u00e5 upp till 50 % p\u00e5 produkter som inneh\u00e5ller st\u00e5l och aluminium, vilket nu \u00e4ven omfattar vitvaror och konsumentelektronik som tv\u00e4ttmaskiner, kylsk\u00e5p och ugnar. Detta \u00e4r en del av den amerikanska regeringens \u201dnationella s\u00e4kerhetsstrategi\u201d, men i praktiken inneb\u00e4r det stora kostnads\u00f6kningar f\u00f6r europeiska export\u00f6rer och risk f\u00f6r minskad f\u00f6rs\u00e4ljning p\u00e5 [&hellip;]<\/p>\n        <\/div>\n\n                    <a class=\"read-more\" href=\"https:\/\/www.applia-sverige.se\/en\/usas-nya-tullar-slar-hart-mot-europeisk-vitvaru-och-elektronikindustri\/\">\n            L\u00e4s mer            <span class=\"screenreader\"> om USA:s nya tullar sl\u00e5r h\u00e5rt mot europeisk vitvaru- och elektronikindustri<\/span><div class=\"icon-chevron-right\"><\/div>\n        <\/a>\n            <\/div>\n<\/div>                                            <div class=\"post-carousel-card type-post\">\n    \n            <div class=\"featured_image\">\n            <img loading=\"lazy\" decoding=\"async\" width=\"225\" height=\"300\" src=\"https:\/\/www.applia-sverige.se\/wp-content\/uploads\/2025\/10\/IMG_8814-225x300.jpeg\" class=\"attachment-medium size-medium\" alt=\"\" srcset=\"https:\/\/www.applia-sverige.se\/wp-content\/uploads\/2025\/10\/IMG_8814-225x300.jpeg 225w, https:\/\/www.applia-sverige.se\/wp-content\/uploads\/2025\/10\/IMG_8814-768x1024.jpeg 768w, https:\/\/www.applia-sverige.se\/wp-content\/uploads\/2025\/10\/IMG_8814-1152x1536.jpeg 1152w, https:\/\/www.applia-sverige.se\/wp-content\/uploads\/2025\/10\/IMG_8814-1536x2048.jpeg 1536w, https:\/\/www.applia-sverige.se\/wp-content\/uploads\/2025\/10\/IMG_8814-9x12.jpeg 9w, https:\/\/www.applia-sverige.se\/wp-content\/uploads\/2025\/10\/IMG_8814-810x1080.jpeg 810w, https:\/\/www.applia-sverige.se\/wp-content\/uploads\/2025\/10\/IMG_8814-scaled.jpeg 1920w\" sizes=\"auto, (max-width: 225px) 100vw, 225px\" \/>        <\/div>\n    \n    <div class=\"content-wrapper\">\n        <div class=\"top\">\n                            <div class=\"categories\">\n                    <a tabindex=\"-1\" class=\"tag\" href=\"https:\/\/www.applia-sverige.se\/en\/nyheter\/?category=elektronikskatten\">Elektronikskatten<\/a>                <\/div>\n            \n            <div class=\"date\">\n                2025.10.31            <\/div>\n        <\/div>\n        \n        <h3><a tabindex=\"-1\" href=\"https:\/\/www.applia-sverige.se\/en\/rundabordssamtal-om-elektronikskatten\/\">Rundabordssamtal om elektronikskatten<\/a><\/h3>\n\n        \n        <div class=\"excerpt\">\n            <p>Oktober m\u00e5nads rundabordssamtal om elektronikskatten genomf\u00f6rdes i slutet av oktober hos APPLiA med deltagande av politiker och branschf\u00f6retr\u00e4dare. \u2013 Vi \u00e4r glada att kunna samla deltagare fr\u00e5n b\u00e5de branschorganisationer, f\u00f6retag och politiker f\u00f6r att samtala om den oh\u00e5llbara elektronikskatten. M\u00e5ls\u00e4ttningen \u00e4r att diskutera hur vi gemensamt kan arbeta f\u00f6r att avskaffa elektronikskatten och ist\u00e4llet driva [&hellip;]<\/p>\n        <\/div>\n\n                    <a class=\"read-more\" href=\"https:\/\/www.applia-sverige.se\/en\/rundabordssamtal-om-elektronikskatten\/\">\n            L\u00e4s mer            <span class=\"screenreader\"> om Rundabordssamtal om elektronikskatten<\/span><div class=\"icon-chevron-right\"><\/div>\n        <\/a>\n            <\/div>\n<\/div>                                            <div class=\"post-carousel-card type-post\">\n    \n            <div class=\"featured_image\">\n            <img loading=\"lazy\" decoding=\"async\" width=\"300\" height=\"154\" src=\"https:\/\/www.applia-sverige.se\/wp-content\/uploads\/2025\/10\/Skarmavbild-2025-10-01-kl.-11.54.23-300x154.png\" class=\"attachment-medium size-medium\" alt=\"\" srcset=\"https:\/\/www.applia-sverige.se\/wp-content\/uploads\/2025\/10\/Skarmavbild-2025-10-01-kl.-11.54.23-300x154.png 300w, https:\/\/www.applia-sverige.se\/wp-content\/uploads\/2025\/10\/Skarmavbild-2025-10-01-kl.-11.54.23-1024x525.png 1024w, https:\/\/www.applia-sverige.se\/wp-content\/uploads\/2025\/10\/Skarmavbild-2025-10-01-kl.-11.54.23-768x394.png 768w, https:\/\/www.applia-sverige.se\/wp-content\/uploads\/2025\/10\/Skarmavbild-2025-10-01-kl.-11.54.23-1536x788.png 1536w, https:\/\/www.applia-sverige.se\/wp-content\/uploads\/2025\/10\/Skarmavbild-2025-10-01-kl.-11.54.23-2048x1051.png 2048w, https:\/\/www.applia-sverige.se\/wp-content\/uploads\/2025\/10\/Skarmavbild-2025-10-01-kl.-11.54.23-1920x985.png 1920w\" sizes=\"auto, (max-width: 300px) 100vw, 300px\" \/>        <\/div>\n    \n    <div class=\"content-wrapper\">\n        <div class=\"top\">\n                            <div class=\"categories\">\n                    <a tabindex=\"-1\" class=\"tag\" href=\"https:\/\/www.applia-sverige.se\/en\/nyheter\/?category=elektronikskatten\">Elektronikskatten<\/a>                <\/div>\n            \n            <div class=\"date\">\n                2025.09.22            <\/div>\n        <\/div>\n        \n        <h3><a tabindex=\"-1\" href=\"https:\/\/www.applia-sverige.se\/en\/regeringen-skulle-ta-bort-elektronikskatten-men-hojde-den-trots-att-den-gynnar-temu-och-shein\/\">\u201dRegeringen skulle ta bort elektronikskatten \u2013\u00a0men h\u00f6jde den trots att den gynnar Temu och Shein\u201d<\/a><\/h3>\n\n        \n        <div class=\"excerpt\">\n            <p>APPLiA och Elektronikbranschen i Aktuell H\u00e5llbarhet: Den 22 september presenterar regeringen sin sista budget f\u00f6r mandatperioden. Det \u00e4r en sista chans f\u00f6r regeringen att avskaffa den skadliga elektronikskatten p\u00e5 vitvaror och hemelektronik som helt saknar milj\u00f6nytta. Det skriver Kent Oderud, ordf\u00f6rande f\u00f6r vitvarubranschens branschorganisation Applia, och Pernilla Enebrink, vd f\u00f6r Elektronikbranschen. \u201dPlastp\u00e5seskatt, flygskatt, h\u00f6jd elektronikskatt, [&hellip;]<\/p>\n        <\/div>\n\n                    <a class=\"read-more\" href=\"https:\/\/www.applia-sverige.se\/en\/regeringen-skulle-ta-bort-elektronikskatten-men-hojde-den-trots-att-den-gynnar-temu-och-shein\/\">\n            L\u00e4s mer            <span class=\"screenreader\"> om \u201dRegeringen skulle ta bort elektronikskatten \u2013\u00a0men h\u00f6jde den trots att den gynnar Temu och Shein\u201d<\/span><div class=\"icon-chevron-right\"><\/div>\n        <\/a>\n            <\/div>\n<\/div>                                            <div class=\"post-carousel-card type-post\">\n    \n            <div class=\"featured_image\">\n            <img loading=\"lazy\" decoding=\"async\" width=\"300\" height=\"150\" src=\"https:\/\/www.applia-sverige.se\/wp-content\/uploads\/2025\/06\/AdobeStock_1124670532-300x150.jpeg\" class=\"attachment-medium size-medium\" alt=\"\" srcset=\"https:\/\/www.applia-sverige.se\/wp-content\/uploads\/2025\/06\/AdobeStock_1124670532-300x150.jpeg 300w, https:\/\/www.applia-sverige.se\/wp-content\/uploads\/2025\/06\/AdobeStock_1124670532-1024x512.jpeg 1024w, https:\/\/www.applia-sverige.se\/wp-content\/uploads\/2025\/06\/AdobeStock_1124670532-768x384.jpeg 768w, https:\/\/www.applia-sverige.se\/wp-content\/uploads\/2025\/06\/AdobeStock_1124670532-1536x768.jpeg 1536w, https:\/\/www.applia-sverige.se\/wp-content\/uploads\/2025\/06\/AdobeStock_1124670532-2048x1024.jpeg 2048w, https:\/\/www.applia-sverige.se\/wp-content\/uploads\/2025\/06\/AdobeStock_1124670532-1920x960.jpeg 1920w\" sizes=\"auto, (max-width: 300px) 100vw, 300px\" \/>        <\/div>\n    \n    <div class=\"content-wrapper\">\n        <div class=\"top\">\n                            <div class=\"categories\">\n                    <a tabindex=\"-1\" class=\"tag\" href=\"https:\/\/www.applia-sverige.se\/en\/nyheter\/?category=elektronikskatten\">Elektronikskatten<\/a>                <\/div>\n            \n            <div class=\"date\">\n                2025.09.18            <\/div>\n        <\/div>\n        \n        <h3><a tabindex=\"-1\" href=\"https:\/\/www.applia-sverige.se\/en\/regeringens-satsning-ar-otillracklig-elektronikskatten-maste-bort\/\">Regeringens satsning \u00e4r otillr\u00e4cklig \u2013 elektronikskatten m\u00e5ste bort<\/a><\/h3>\n\n        \n        <div class=\"excerpt\">\n            <p>N\u00e4r regeringen i fredags presenterade sin satsning p\u00e5 en ren milj\u00f6 och en giftfri vardag lyste det viktigaste beskedet med sin fr\u00e5nvaro: avskaffandet av elektronikskatten. Ist\u00e4llet f\u00e5r Kemikalieinspektionen ett begr\u00e4nsat tillskott p\u00e5 25 miljoner kronor fr\u00e5n 2026. Syftet \u00e4r att st\u00e4rka kontrollen av produkter med skadliga kemikalier, inte minst importerade varor fr\u00e5n plattformar som Temu [&hellip;]<\/p>\n        <\/div>\n\n                    <a class=\"read-more\" href=\"https:\/\/www.applia-sverige.se\/en\/regeringens-satsning-ar-otillracklig-elektronikskatten-maste-bort\/\">\n            L\u00e4s mer            <span class=\"screenreader\"> om Regeringens satsning \u00e4r otillr\u00e4cklig \u2013 elektronikskatten m\u00e5ste bort<\/span><div class=\"icon-chevron-right\"><\/div>\n        <\/a>\n            <\/div>\n<\/div>                                            <div class=\"post-carousel-card type-post\">\n    \n    \n    <div class=\"content-wrapper\">\n        <div class=\"top\">\n                            <div class=\"categories\">\n                    <a tabindex=\"-1\" class=\"tag\" href=\"https:\/\/www.applia-sverige.se\/en\/nyheter\/?category=elektronikskatten\">Elektronikskatten<\/a>                <\/div>\n            \n            <div class=\"date\">\n                2025.09.15            <\/div>\n        <\/div>\n        \n        <h3><a tabindex=\"-1\" href=\"https:\/\/www.applia-sverige.se\/en\/vitvaror-beskattas-extra-i-sverige\/\">Vitvaror beskattas extra i Sverige<\/a><\/h3>\n\n        \n        <div class=\"excerpt\">\n            <p>Vad \u00e4r moderna vitvaror gjorda av \u00e4r en fr\u00e5ga som st\u00e4lls \u2013 inte minst av \u00e5tervinningssk\u00e4l och som ren konsumentupplysning men ocks\u00e5 av till det svenska Skatteverket. Sedan 2017 beskattas n\u00e4mligen vitvaror extra i Sverige med den s.k. elektronikskatten med \u00f6ver 12 kr per kilo m\u00e4tt p\u00e5 hela produktens vikt. Diskmaskinen som v\u00e4ger runt 45 [&hellip;]<\/p>\n        <\/div>\n\n                    <a class=\"read-more\" href=\"https:\/\/www.applia-sverige.se\/en\/vitvaror-beskattas-extra-i-sverige\/\">\n            L\u00e4s mer            <span class=\"screenreader\"> om Vitvaror beskattas extra i Sverige<\/span><div class=\"icon-chevron-right\"><\/div>\n        <\/a>\n            <\/div>\n<\/div>                                            <div class=\"post-carousel-card type-post\">\n    \n            <div class=\"featured_image\">\n            <img loading=\"lazy\" decoding=\"async\" width=\"300\" height=\"180\" src=\"https:\/\/www.applia-sverige.se\/wp-content\/uploads\/2025\/09\/Skarmavbild-2025-09-02-kl.-10.45.19-300x180.png\" class=\"attachment-medium size-medium\" alt=\"\" srcset=\"https:\/\/www.applia-sverige.se\/wp-content\/uploads\/2025\/09\/Skarmavbild-2025-09-02-kl.-10.45.19-300x180.png 300w, https:\/\/www.applia-sverige.se\/wp-content\/uploads\/2025\/09\/Skarmavbild-2025-09-02-kl.-10.45.19-1024x615.png 1024w, https:\/\/www.applia-sverige.se\/wp-content\/uploads\/2025\/09\/Skarmavbild-2025-09-02-kl.-10.45.19-768x461.png 768w, https:\/\/www.applia-sverige.se\/wp-content\/uploads\/2025\/09\/Skarmavbild-2025-09-02-kl.-10.45.19-1536x922.png 1536w, https:\/\/www.applia-sverige.se\/wp-content\/uploads\/2025\/09\/Skarmavbild-2025-09-02-kl.-10.45.19-2048x1230.png 2048w, https:\/\/www.applia-sverige.se\/wp-content\/uploads\/2025\/09\/Skarmavbild-2025-09-02-kl.-10.45.19-1799x1080.png 1799w\" sizes=\"auto, (max-width: 300px) 100vw, 300px\" \/>        <\/div>\n    \n    <div class=\"content-wrapper\">\n        <div class=\"top\">\n                            <div class=\"categories\">\n                    <a tabindex=\"-1\" class=\"tag\" href=\"https:\/\/www.applia-sverige.se\/en\/nyheter\/?category=elektronikskatten\">Elektronikskatten<\/a>                <\/div>\n            \n            <div class=\"date\">\n                2025.09.02            <\/div>\n        <\/div>\n        \n        <h3><a tabindex=\"-1\" href=\"https:\/\/www.applia-sverige.se\/en\/elektronikskatten-visar-varfor-sverige-tappar-i-konkurrenskraft\/\">Elektronikskatten visar varf\u00f6r Sverige tappar i konkurrenskraft<\/a><\/h3>\n\n        \n        <div class=\"excerpt\">\n            <p>Debatt: Applia och ElektronikBranschen i Altinget. Den gr\u00f6na omst\u00e4llningen lyfts fram som Sveriges framtid, men investeringar pausas och engagemanget minskar. Symboliska klimat\u00e5tg\u00e4rder, som elektronikskatten, bromsar utvecklingen. Det skriver\u00a0Kent Oderud, ordf\u00f6rande Applia och Pernilla Enebrink, vd Elektronikbranschen. I praktiken har m\u00e5nga av de reformer som sj\u00f6satts pr\u00e4glats av en kombination av h\u00f6ga ambitioner och ogenomt\u00e4nkt symbolpolitik. [&hellip;]<\/p>\n        <\/div>\n\n                    <a class=\"read-more\" href=\"https:\/\/www.applia-sverige.se\/en\/elektronikskatten-visar-varfor-sverige-tappar-i-konkurrenskraft\/\">\n            L\u00e4s mer            <span class=\"screenreader\"> om Elektronikskatten visar varf\u00f6r Sverige tappar i konkurrenskraft<\/span><div class=\"icon-chevron-right\"><\/div>\n        <\/a>\n            <\/div>\n<\/div>                                            <div class=\"post-carousel-card type-post\">\n    \n    \n    <div class=\"content-wrapper\">\n        <div class=\"top\">\n                            <div class=\"categories\">\n                    <a tabindex=\"-1\" class=\"tag\" href=\"https:\/\/www.applia-sverige.se\/en\/nyheter\/?category=elektronikskatten\">Elektronikskatten<\/a>                <\/div>\n            \n            <div class=\"date\">\n                2025.08.25            <\/div>\n        <\/div>\n        \n        <h3><a tabindex=\"-1\" href=\"https:\/\/www.applia-sverige.se\/en\/kemikalieinspektionen-hoga-halter-forbjudna-amnen-i-import\/\">Kemikalieinspektionen: \u201dH\u00f6ga halter f\u00f6rbjudna \u00e4mnen i import<\/a><\/h3>\n\n        \n        <div class=\"excerpt\">\n            <p>Kemikalieinspektionen presenterade nyligen sin tillsynsrapport g\u00e4llande hush\u00e5llsn\u00e4ra hemelektronik f\u00f6r \u00e5ret 2024. Kemikalieinspektionen har i det h\u00e4r tillsynsprojektet av allehanda hemelektronik kontrollerat det kemiska inneh\u00e5llet och m\u00e4rkningen p\u00e5 177 olika produkter. I analyserna har man letat efter \u00e4mnen som \u00e4r begr\u00e4nsade i RoHS-direktivet, Reach-f\u00f6rordningen och POPs-f\u00f6rordningen. Dropshippingf\u00f6retag v\u00e4rst Kemikalieinspektionen fann vid denna granskning att produkter som [&hellip;]<\/p>\n        <\/div>\n\n                    <a class=\"read-more\" href=\"https:\/\/www.applia-sverige.se\/en\/kemikalieinspektionen-hoga-halter-forbjudna-amnen-i-import\/\">\n            L\u00e4s mer            <span class=\"screenreader\"> om Kemikalieinspektionen: \u201dH\u00f6ga halter f\u00f6rbjudna \u00e4mnen i import<\/span><div class=\"icon-chevron-right\"><\/div>\n        <\/a>\n            <\/div>\n<\/div>                                            <div class=\"post-carousel-card type-post\">\n    \n            <div class=\"featured_image\">\n            <img loading=\"lazy\" decoding=\"async\" width=\"300\" height=\"104\" src=\"https:\/\/www.applia-sverige.se\/wp-content\/uploads\/2025\/07\/Skarmavbild-2025-07-01-kl.-14.06.46-300x104.png\" class=\"attachment-medium size-medium\" alt=\"\" srcset=\"https:\/\/www.applia-sverige.se\/wp-content\/uploads\/2025\/07\/Skarmavbild-2025-07-01-kl.-14.06.46-300x104.png 300w, https:\/\/www.applia-sverige.se\/wp-content\/uploads\/2025\/07\/Skarmavbild-2025-07-01-kl.-14.06.46-1024x356.png 1024w, https:\/\/www.applia-sverige.se\/wp-content\/uploads\/2025\/07\/Skarmavbild-2025-07-01-kl.-14.06.46-768x267.png 768w, https:\/\/www.applia-sverige.se\/wp-content\/uploads\/2025\/07\/Skarmavbild-2025-07-01-kl.-14.06.46.png 1238w\" sizes=\"auto, (max-width: 300px) 100vw, 300px\" \/>        <\/div>\n    \n    <div class=\"content-wrapper\">\n        <div class=\"top\">\n                            <div class=\"categories\">\n                    <a tabindex=\"-1\" class=\"tag\" href=\"https:\/\/www.applia-sverige.se\/en\/nyheter\/?category=elektronikskatten\">Elektronikskatten<\/a>                <\/div>\n            \n            <div class=\"date\">\n                2025.07.01            <\/div>\n        <\/div>\n        \n        <h3><a tabindex=\"-1\" href=\"https:\/\/www.applia-sverige.se\/en\/avskaffa-elektronikskatten-foreslar-svenskt-naringsliv-i-ny-rapport-en-ny-kemikaliepolitik-for-sverige\/\">Avskaffa elektronikskatten, f\u00f6resl\u00e5r Svenskt N\u00e4ringsliv i ny rapport \u201dEn ny kemikaliepolitik f\u00f6r Sverige\u201d<\/a><\/h3>\n\n        \n        <div class=\"excerpt\">\n            <p>Organisationen Svenskt N\u00e4ringsliv, som f\u00f6retr\u00e4der n\u00e4ringslivet i Sverige och som samlar 60.000 f\u00f6retag och 48 bransch- och arbetsgivarorganisationer, presenterade nyligen ett f\u00f6rslag till en genomarbetad kemikaliepolitik f\u00f6r Sverige. Och en s\u00e5dan beh\u00f6vs kan vi l\u00e4sa i rapporten. Nationella strategier finns f\u00f6r andra politikomr\u00e5den s\u00e5som klimat, life science, livsmedel. Men f\u00f6r kemikaliepolitiken i Sverige saknas ett [&hellip;]<\/p>\n        <\/div>\n\n                    <a class=\"read-more\" href=\"https:\/\/www.applia-sverige.se\/en\/avskaffa-elektronikskatten-foreslar-svenskt-naringsliv-i-ny-rapport-en-ny-kemikaliepolitik-for-sverige\/\">\n            L\u00e4s mer            <span class=\"screenreader\"> om Avskaffa elektronikskatten, f\u00f6resl\u00e5r Svenskt N\u00e4ringsliv i ny rapport \u201dEn ny kemikaliepolitik f\u00f6r Sverige\u201d<\/span><div class=\"icon-chevron-right\"><\/div>\n        <\/a>\n            <\/div>\n<\/div>                                <\/div>\n    \n<\/section>","protected":false},"featured_media":302,"template":"","meta":{"footnotes":""},"categories":[],"class_list":["post-33","focus_area","type-focus_area","status-publish","has-post-thumbnail","hentry"],"acf":[],"_links":{"self":[{"href":"https:\/\/www.applia-sverige.se\/en\/wp-json\/wp\/v2\/focus_area\/33","targetHints":{"allow":["GET"]}}],"collection":[{"href":"https:\/\/www.applia-sverige.se\/en\/wp-json\/wp\/v2\/focus_area"}],"about":[{"href":"https:\/\/www.applia-sverige.se\/en\/wp-json\/wp\/v2\/types\/focus_area"}],"version-history":[{"count":34,"href":"https:\/\/www.applia-sverige.se\/en\/wp-json\/wp\/v2\/focus_area\/33\/revisions"}],"predecessor-version":[{"id":1542253,"href":"https:\/\/www.applia-sverige.se\/en\/wp-json\/wp\/v2\/focus_area\/33\/revisions\/1542253"}],"wp:featuredmedia":[{"embeddable":true,"href":"https:\/\/www.applia-sverige.se\/en\/wp-json\/wp\/v2\/media\/302"}],"wp:attachment":[{"href":"https:\/\/www.applia-sverige.se\/en\/wp-json\/wp\/v2\/media?parent=33"}],"wp:term":[{"taxonomy":"category","embeddable":true,"href":"https:\/\/www.applia-sverige.se\/en\/wp-json\/wp\/v2\/categories?post=33"}],"curies":[{"name":"wp","href":"https:\/\/api.w.org\/{rel}","templated":true}]}}