{"id":8,"date":"2024-02-12T18:29:37","date_gmt":"2024-02-12T18:29:37","guid":{"rendered":"https:\/\/svenskelektronik.acrowd.se\/?page_id=8"},"modified":"2024-10-23T09:04:48","modified_gmt":"2024-10-23T09:04:48","slug":"startsida","status":"publish","type":"page","link":"https:\/\/www.applia-sverige.se\/en\/","title":{"rendered":"Home page"},"content":{"rendered":"<section  class=\"tebab-block-hero_slider alignfull\" style=\"--heading-color: #ffffff;\">\n    \n    <div class=\"images\">\n        <div class=\"images-wrapper\">\n                            <img decoding=\"async\" src=\"https:\/\/www.applia-sverige.se\/wp-content\/uploads\/2024\/03\/header_statistik.png\" alt=\"\">\n                            <img decoding=\"async\" src=\"https:\/\/www.applia-sverige.se\/wp-content\/uploads\/2024\/03\/header_branschvillkor.png\" alt=\"\">\n                    <\/div>\n    <\/div>\n\n    <div class=\"content contained\">\n        <div class=\"slides-container\">\n                            <div class=\"slide active\">\n                    <h1 class=\"heading\" style=\"--color: \">Alltid f\u00e4rsk statistik och skarpa analyser<\/h1>\n                                            <a href=\"https:\/\/www.applia-sverige.se\/nyheter\/?category=marknadsutveckling\" class=\"button\" target=\"\" rel=\"noreferrer\">L\u00e4s mer om den senaste marknadsutvecklingen h\u00e4r<\/a>\n                                    <\/div>\n                            <div class=\"slide \">\n                    <h1 class=\"heading\" style=\"--color: \">Villkor, best\u00e4mmelser och standarder <\/h1>\n                                            <a href=\"https:\/\/www.applia-sverige.se\/branschvillkor\/\" class=\"button\" target=\"\" rel=\"noreferrer\">L\u00e4s v\u00e5ra branschbest\u00e4mmelser h\u00e4r!<\/a>\n                                    <\/div>\n                    <\/div>\n            \n\n        <div class=\"bottom-bar\">\n            <div class=\"top\">\n                <div class=\"left\">\n                    <div class=\"count\"><\/div>\n                    <!-- <div class=\"subtitle\">Topic slider<\/div> -->\n                <\/div>\n\n                <div class=\"navigation\">\n                    <button class=\"prev\"><div class=\"icon icon-arrow-left\"><\/div><\/button>\n                    <button class=\"next\"><div class=\"icon icon-arrow-right\"><\/div><\/button>\n                <\/div>\n            <\/div>\n            <div class=\"progress\" style=\"--progress: 0.5\"><\/div>\n        <\/div>\n    <\/div>\n\n\n<\/section>\n\n\n<div style=\"height:55px\" aria-hidden=\"true\" class=\"wp-block-spacer\"><\/div>\n\n\n<section  class=\"tebab-block-brands_carousel alignfull\" style=\"--brands: 33;\">\n    <div class=\"contained\">\n                \n        <div class=\"carousel-wrapper\">\n            <div class=\"carousel-inner\">\n                                    <a class=\"carousel-item\" href=\"https:\/\/www.applia-sverige.se\/en\/medlemmar\/bertazzoni\/#brands\">\n                                                    <img decoding=\"async\" src=\"https:\/\/www.applia-sverige.se\/wp-content\/uploads\/2026\/03\/Bertazzoni-3d-with-pay-off-300x300.jpg\" alt=\"Bertazzoni S.p.A\" \/>\n                                            <\/a>\n                                    <a class=\"carousel-item\" href=\"https:\/\/www.applia-sverige.se\/en\/medlemmar\/wilfa-sverige-ab\/#brands\">\n                                                    <img decoding=\"async\" src=\"https:\/\/www.applia-sverige.se\/wp-content\/uploads\/2024\/03\/Wilfa-200x200@2x-300x300.png\" alt=\"Wilfa Sverige AB\" \/>\n                                            <\/a>\n                                    <a class=\"carousel-item\" href=\"https:\/\/www.applia-sverige.se\/en\/medlemmar\/versuni-sweden-ab\/#brands\">\n                                                    <img decoding=\"async\" src=\"https:\/\/www.applia-sverige.se\/wp-content\/uploads\/2024\/03\/versuni-customer-logo-300x55.png\" alt=\"Versuni Sweden AB\" \/>\n                                            <\/a>\n                                    <a class=\"carousel-item\" href=\"https:\/\/www.applia-sverige.se\/en\/medlemmar\/tefal-obh-nordica-group-ab\/#brands\">\n                                                    <img decoding=\"async\" src=\"https:\/\/www.applia-sverige.se\/wp-content\/uploads\/2024\/03\/OBH_Nordica_Logo-267x300.png\" alt=\"OBH Nordica\" \/>\n                                            <\/a>\n                                    <a class=\"carousel-item\" href=\"https:\/\/www.applia-sverige.se\/en\/medlemmar\/tefal-obh-nordica-group-ab\/#brands\">\n                                                    <img decoding=\"async\" src=\"https:\/\/www.applia-sverige.se\/wp-content\/uploads\/2024\/03\/Tefal_Logo-300x63.png\" alt=\"OBH Nordica\" \/>\n                                            <\/a>\n                                    <a class=\"carousel-item\" href=\"https:\/\/www.applia-sverige.se\/en\/medlemmar\/tefal-obh-nordica-group-ab\/#brands\">\n                                                    <img decoding=\"async\" src=\"https:\/\/www.applia-sverige.se\/wp-content\/uploads\/2024\/03\/WMF_No.1.png\" alt=\"OBH Nordica\" \/>\n                                            <\/a>\n                                    <a class=\"carousel-item\" href=\"https:\/\/www.applia-sverige.se\/en\/medlemmar\/tefal-obh-nordica-group-ab\/#brands\">\n                                                    <img decoding=\"async\" src=\"https:\/\/www.applia-sverige.se\/wp-content\/uploads\/2024\/03\/KRUPS-300x66.png\" alt=\"OBH Nordica\" \/>\n                                            <\/a>\n                                    <a class=\"carousel-item\" href=\"https:\/\/www.applia-sverige.se\/en\/medlemmar\/smeg-ab\/#brands\">\n                                                    <img decoding=\"async\" src=\"https:\/\/www.applia-sverige.se\/wp-content\/uploads\/2024\/03\/smeg_logo_black-300x58.png\" alt=\"Smeg AB\" \/>\n                                            <\/a>\n                                    <a class=\"carousel-item\" href=\"https:\/\/www.applia-sverige.se\/en\/medlemmar\/severin-svenska-ab\/#brands\">\n                                                    <img decoding=\"async\" src=\"https:\/\/www.applia-sverige.se\/wp-content\/uploads\/2025\/11\/SEVERIN_Logo_2025_95-schwarz-300x39.png\" alt=\"Severin Svenska AB\" \/>\n                                            <\/a>\n                                    <a class=\"carousel-item\" href=\"https:\/\/www.applia-sverige.se\/en\/medlemmar\/samsung-electronics-nordic-ab\/#brands\">\n                                                    <img decoding=\"async\" src=\"https:\/\/www.applia-sverige.se\/wp-content\/uploads\/2024\/03\/Samsung_Orig_Wordmark_BLACK_RGB_eps-300x46.png\" alt=\"Samsung Electronics Nordic AB\" \/>\n                                            <\/a>\n                                    <a class=\"carousel-item\" href=\"https:\/\/www.applia-sverige.se\/en\/medlemmar\/podab-ab\/#brands\">\n                                                    <img decoding=\"async\" src=\"https:\/\/www.applia-sverige.se\/wp-content\/uploads\/2024\/03\/PODAB_logo-300x69.png\" alt=\"Podab AB\" \/>\n                                            <\/a>\n                                    <a class=\"carousel-item\" href=\"https:\/\/www.applia-sverige.se\/en\/medlemmar\/philips-ab\/#brands\">\n                                                    <img decoding=\"async\" src=\"https:\/\/www.applia-sverige.se\/wp-content\/uploads\/2024\/03\/Philips_logo-300x55.png\" alt=\"Philips Consumer Lifestyle B.V.\" \/>\n                                            <\/a>\n                                    <a class=\"carousel-item\" href=\"https:\/\/www.applia-sverige.se\/en\/medlemmar\/moccamaster-nordic-ab\/#brands\">\n                                                    <img decoding=\"async\" src=\"https:\/\/www.applia-sverige.se\/wp-content\/uploads\/2024\/03\/Moccamaster_logo-300x36.png\" alt=\"Moccamaster Nordic AB\" \/>\n                                            <\/a>\n                                    <a class=\"carousel-item\" href=\"https:\/\/www.applia-sverige.se\/en\/medlemmar\/miele-ab\/#brands\">\n                                                    <img decoding=\"async\" src=\"https:\/\/www.applia-sverige.se\/wp-content\/uploads\/2024\/03\/Miele_Logo-300x115.png\" alt=\"Miele AB\" \/>\n                                            <\/a>\n                                    <a class=\"carousel-item\" href=\"https:\/\/www.applia-sverige.se\/en\/medlemmar\/melitta-nordic-ab\/#brands\">\n                                                    <img decoding=\"async\" src=\"https:\/\/www.applia-sverige.se\/wp-content\/uploads\/2024\/03\/melitta_logo-300x182.png\" alt=\"Melitta Nordic AB\" \/>\n                                            <\/a>\n                                    <a class=\"carousel-item\" href=\"https:\/\/www.applia-sverige.se\/en\/medlemmar\/lg-electronics-nordic-ab\/#brands\">\n                                                    <img decoding=\"async\" src=\"https:\/\/www.applia-sverige.se\/wp-content\/uploads\/2024\/03\/lg_logo-300x133.png\" alt=\"LG Electronics Nordic AB\" \/>\n                                            <\/a>\n                                    <a class=\"carousel-item\" href=\"https:\/\/www.applia-sverige.se\/en\/medlemmar\/kitchenaid-europa-inc\/#brands\">\n                                                    <img decoding=\"async\" src=\"https:\/\/www.applia-sverige.se\/wp-content\/uploads\/2024\/03\/Kitchenaid_logo2-300x26.png\" alt=\"KitchenAid\" \/>\n                                            <\/a>\n                                    <a class=\"carousel-item\" href=\"https:\/\/www.applia-sverige.se\/en\/medlemmar\/140\/#brands\">\n                                                    <img decoding=\"async\" src=\"https:\/\/www.applia-sverige.se\/wp-content\/uploads\/2024\/03\/GRAM_logo-300x75.png\" alt=\"GRAM Vitvaror\" \/>\n                                            <\/a>\n                                    <a class=\"carousel-item\" href=\"https:\/\/www.applia-sverige.se\/en\/medlemmar\/gorenje-group-nordic\/#brands\">\n                                                    <img decoding=\"async\" src=\"https:\/\/www.applia-sverige.se\/wp-content\/uploads\/2024\/03\/157380_file_web_Hisense_Logo-300x48.jpg\" alt=\"Gorenje Group Nordic\" \/>\n                                            <\/a>\n                                    <a class=\"carousel-item\" href=\"https:\/\/www.applia-sverige.se\/en\/medlemmar\/gorenje-group-nordic\/#brands\">\n                                                    <img decoding=\"async\" src=\"https:\/\/www.applia-sverige.se\/wp-content\/uploads\/2024\/03\/ASKO_2014_black-300x59.png\" alt=\"Gorenje Group Nordic\" \/>\n                                            <\/a>\n                                    <a class=\"carousel-item\" href=\"https:\/\/www.applia-sverige.se\/en\/medlemmar\/gorenje-group-nordic\/#brands\">\n                                                    <img decoding=\"async\" src=\"https:\/\/www.applia-sverige.se\/wp-content\/uploads\/2024\/03\/Gorenje_Logo_Grey_2015_Print-300x83.jpg\" alt=\"Gorenje Group Nordic\" \/>\n                                            <\/a>\n                                    <a class=\"carousel-item\" href=\"https:\/\/www.applia-sverige.se\/en\/medlemmar\/franke-futurum-ab\/#brands\">\n                                                    <img decoding=\"async\" src=\"https:\/\/www.applia-sverige.se\/wp-content\/uploads\/2024\/03\/Franke-logo-300x98.png\" alt=\"Franke Futurum AB\" \/>\n                                            <\/a>\n                                    <a class=\"carousel-item\" href=\"https:\/\/www.applia-sverige.se\/en\/medlemmar\/electrolux-professional-ab\/#brands\">\n                                                    <img decoding=\"async\" src=\"https:\/\/www.applia-sverige.se\/wp-content\/uploads\/2024\/03\/electrolux_professional_logo-300x69.png\" alt=\"Electrolux Professional AB\" \/>\n                                            <\/a>\n                                    <a class=\"carousel-item\" href=\"https:\/\/www.applia-sverige.se\/en\/medlemmar\/electrolux-hemprodukter-ab\/#brands\">\n                                                    <img decoding=\"async\" src=\"https:\/\/www.applia-sverige.se\/wp-content\/uploads\/2024\/03\/AEG_Logo_Red_RGB-300x114.png\" alt=\"Electrolux HemProdukter AB\" \/>\n                                            <\/a>\n                                    <a class=\"carousel-item\" href=\"https:\/\/www.applia-sverige.se\/en\/medlemmar\/electrolux-hemprodukter-ab\/#brands\">\n                                                    <img decoding=\"async\" src=\"https:\/\/www.applia-sverige.se\/wp-content\/uploads\/2024\/03\/Electrolux_logo_master_blue_RGB-300x69.png\" alt=\"Electrolux HemProdukter AB\" \/>\n                                            <\/a>\n                                    <a class=\"carousel-item\" href=\"https:\/\/www.applia-sverige.se\/en\/medlemmar\/dyson-sweden-ab\/#brands\">\n                                                    <img decoding=\"async\" src=\"https:\/\/www.applia-sverige.se\/wp-content\/uploads\/2024\/03\/dyson-logo-300x115.png\" alt=\"Dyson Sweden AB\" \/>\n                                            <\/a>\n                                    <a class=\"carousel-item\" href=\"https:\/\/www.applia-sverige.se\/en\/medlemmar\/delonghi-group-scandinavia-ab\/#brands\">\n                                                    <img decoding=\"async\" src=\"https:\/\/www.applia-sverige.se\/wp-content\/uploads\/2024\/03\/de_longhi_logo-300x40.png\" alt=\"De\u2019Longhi Group Scandinavia AB\" \/>\n                                            <\/a>\n                                    <a class=\"carousel-item\" href=\"https:\/\/www.applia-sverige.se\/en\/medlemmar\/cylinda-ab\/#brands\">\n                                                    <img decoding=\"async\" src=\"https:\/\/www.applia-sverige.se\/wp-content\/uploads\/2024\/03\/cylinda_logo-300x78.png\" alt=\"Cylinda AB\" \/>\n                                            <\/a>\n                                    <a class=\"carousel-item\" href=\"https:\/\/www.applia-sverige.se\/en\/medlemmar\/bsh-home-appliances-ab\/#brands\">\n                                                    <img decoding=\"async\" src=\"https:\/\/www.applia-sverige.se\/wp-content\/uploads\/2024\/03\/Bosch_logo_rgb-300x67.png\" alt=\"BSH Home Appliances AB\" \/>\n                                            <\/a>\n                                    <a class=\"carousel-item\" href=\"https:\/\/www.applia-sverige.se\/en\/medlemmar\/bsh-home-appliances-ab\/#brands\">\n                                                    <img decoding=\"async\" src=\"https:\/\/www.applia-sverige.se\/wp-content\/uploads\/2024\/03\/Siemens_logo_petrol_rgb-300x47.png\" alt=\"BSH Home Appliances AB\" \/>\n                                            <\/a>\n                                    <a class=\"carousel-item\" href=\"https:\/\/www.applia-sverige.se\/en\/medlemmar\/bsh-home-appliances-ab\/#brands\">\n                                                    <img decoding=\"async\" src=\"https:\/\/www.applia-sverige.se\/wp-content\/uploads\/2024\/03\/Neff_logo_rgb-300x111.png\" alt=\"BSH Home Appliances AB\" \/>\n                                            <\/a>\n                                    <a class=\"carousel-item\" href=\"https:\/\/www.applia-sverige.se\/en\/medlemmar\/beko-nordic-ab\/#brands\">\n                                                    <img decoding=\"async\" src=\"https:\/\/www.applia-sverige.se\/wp-content\/uploads\/2024\/03\/beko_Logo.png\" alt=\"Beko Nordic AB\" \/>\n                                            <\/a>\n                                    <a class=\"carousel-item\" href=\"https:\/\/www.applia-sverige.se\/en\/medlemmar\/ankarsrum-kitchen-ab\/#brands\">\n                                                    <img decoding=\"async\" src=\"https:\/\/www.applia-sverige.se\/wp-content\/uploads\/2024\/03\/Ankarsrum_logo-300x32.png\" alt=\"Ankarsrum Kitchen AB\" \/>\n                                            <\/a>\n                            <\/div>\n        <\/div>\n    <\/div>\n<\/section>\n\n\n<div style=\"height:var(--wp--preset--spacing--80)\" aria-hidden=\"true\" class=\"wp-block-spacer\"><\/div>\n\n\n<section  class=\"tebab-block-links_slider alignwide\">\n    <div class=\"wrapper\">\n        <div class=\"text-wrapper\">\n            <h2>Vi \u00e4r mer \u00e4n bara en branschorganisation<\/h2>\n            <p>APPLiAs fr\u00e4msta syfte \u00e4r att st\u00e4rka medlemsf\u00f6retagens och branschens konkurrenskraft p\u00e5 s\u00e5v\u00e4l det kommersiella\r\nsom det tekniska omr\u00e5det, internationellt och nationellt. D\u00e4rf\u00f6r engagerar vi oss i flera externa initiativ samt, inom ramen f\u00f6r v\u00e5r serviceverksamhet, \u00e4ger bolag som bidrar till det. L\u00e4s mer om n\u00e5gra av dessa initiativ  h\u00e4r till h\u00f6ger. <\/p>\n        <\/div>\n        <div class=\"slider-wrapper\">\n            <div class=\"slider\">\n                                                            <a href=\"https:\/\/www.xpos.eu\" class=\"slide\">\n                            <img decoding=\"async\" class=\"image\" src=\"https:\/\/www.applia-sverige.se\/wp-content\/uploads\/2024\/03\/xpos-webb.png\" alt=\"\">\n                            <div class=\"card-content\">\n                                                                <h3 class=\"title\">XPOS<\/h3>\n                                <p class=\"description\">XPOS, eXchange at Point Of Sales, \u00e4r ett gemensamt reklamationssystem f\u00f6r \u00e5terf\u00f6rs\u00e4ljare och serviceverkst\u00e4der inom branschen. Systemet \u00e4r en v\u00e4letablerad rutin f\u00f6r hantering av reklamationer av elektriska apparater i Norden. APPLiA \u00e4r ensam\r\n\u00e4gare av XPOS.<\/p>\n                                <div class=\"view-icon\">\n                                    <div class=\"icon icon-arrow-right\"><\/div>\n                                <\/div>\n                            <\/div>\n                        <\/a>\n                                            <a href=\"https:\/\/www.el-kretsen.se\" class=\"slide\">\n                            <img decoding=\"async\" class=\"image\" src=\"https:\/\/www.applia-sverige.se\/wp-content\/uploads\/2024\/03\/Elkretsen-webb.png\" alt=\"\">\n                            <div class=\"card-content\">\n                                                                <h3 class=\"title\">El-Kretsen<\/h3>\n                                <p class=\"description\">N\u00e4r producentansvaret inf\u00f6rdes 2001 skapade elektronikproducenterna via sina branschorganisationer en gemensam tj\u00e4nst f\u00f6r att g\u00f6ra \u00e5tervinningsprocessen smidigare \u2013 El-Kretsen. Alla v\u00e5ra medlemsf\u00f6retag f\u00f6rbinder sig att ta sitt fulla producentansvar, som\r\nen del i det \u00e4r de sj\u00e4lva ocks\u00e5 anslutna till El-Kretsen.<\/p>\n                                <div class=\"view-icon\">\n                                    <div class=\"icon icon-arrow-right\"><\/div>\n                                <\/div>\n                            <\/div>\n                        <\/a>\n                                            <a href=\"https:\/\/appstat.eu\/login\" class=\"slide\">\n                            <img decoding=\"async\" class=\"image\" src=\"https:\/\/www.applia-sverige.se\/wp-content\/uploads\/2024\/03\/Skarmavbild-2024-03-20-kl.-13.59.55.png\" alt=\"\">\n                            <div class=\"card-content\">\n                                                                <h3 class=\"title\">APPSTAT<\/h3>\n                                <p class=\"description\">BMAB utf\u00f6r marknadsinformation f\u00f6r en rad olika branschorganisationer i Sverige. BMAB \u00e4gs idag av APPLiA. APPSTAT \u00e4r namnet p\u00e5  verktyget d\u00e4r rapportering och analys sker av marknadsstatistiken. <\/p>\n                                <div class=\"view-icon\">\n                                    <div class=\"icon icon-arrow-right\"><\/div>\n                                <\/div>\n                            <\/div>\n                        <\/a>\n                                                <\/div>\n        <\/div>\n    <\/div>\n<\/section>\n\n\n<div style=\"height:var(--wp--preset--spacing--80)\" aria-hidden=\"true\" class=\"wp-block-spacer\"><\/div>\n\n\n<section  class=\"tebab-block-split_screen alignfull image_alignment-left\">\n    <div class=\"contained\">\n        <div class=\"tebab-block-split_screen__image-wrapper\">\n            <img loading=\"lazy\" decoding=\"async\" width=\"1620\" height=\"1080\" src=\"https:\/\/www.applia-sverige.se\/wp-content\/uploads\/2024\/03\/shutterstock_2025147458-1620x1080.jpg\" class=\"attachment-landscape size-landscape\" alt=\"\" srcset=\"https:\/\/www.applia-sverige.se\/wp-content\/uploads\/2024\/03\/shutterstock_2025147458-1620x1080.jpg 1620w, https:\/\/www.applia-sverige.se\/wp-content\/uploads\/2024\/03\/shutterstock_2025147458-300x200.jpg 300w, https:\/\/www.applia-sverige.se\/wp-content\/uploads\/2024\/03\/shutterstock_2025147458-1024x683.jpg 1024w, https:\/\/www.applia-sverige.se\/wp-content\/uploads\/2024\/03\/shutterstock_2025147458-768x512.jpg 768w, https:\/\/www.applia-sverige.se\/wp-content\/uploads\/2024\/03\/shutterstock_2025147458-1536x1024.jpg 1536w, https:\/\/www.applia-sverige.se\/wp-content\/uploads\/2024\/03\/shutterstock_2025147458-2048x1365.jpg 2048w\" sizes=\"auto, (max-width: 1620px) 100vw, 1620px\" \/>        <\/div>\n\n        <div class=\"tebab-block-split_screen__content-wrapper\">\n            <h2>V\u00e5ra fr\u00e5gor<\/h2>\n<p>Goda f\u00f6ruts\u00e4ttningar f\u00f6r APPLiAs medlemsf\u00f6retag \u00e4r en f\u00f6ruts\u00e4ttning ett fortsatt starkt svenskt n\u00e4ringsliv och en h\u00e5llbar ekonomi. Medlemsf\u00f6retagens innovationer underl\u00e4ttar svenskarnas vardag och skapar f\u00f6ruts\u00e4ttningar f\u00f6r goda levnadsvillkor och frig\u00f6r tid fr\u00e5n hush\u00e5llsn\u00e4ra tj\u00e4nster. I f\u00f6rl\u00e4ngningen bidrar det till \u00f6kad BNP-tillv\u00e4xt.<\/p>\n<p>APPLiAs medlemsf\u00f6retag har d\u00e4rtill en marknadst\u00e4ckning p\u00e5 drygt 90% i Sverige. Det g\u00f6r oss till branschens gemensamma r\u00f6st i dialog och samverkan med myndigheter, beslutsfattare och andra organisationer.<\/p>\n<p>D\u00e4rf\u00f6r jobbar vi aktivt med p\u00e5verkansarbete f\u00f6r v\u00e5ra medlemmars b\u00e4sta, p\u00e5 nationell och internationell niv\u00e5.<\/p>\n\n                            <div class=\"tebab-block-split_screen__buttons\">\n                                            <a href=\"https:\/\/www.applia-sverige.se\/fokusomraden\/\" class=\"button primary\" target=\"\" rel=\"noreferrer\">L\u00e4s mer om v\u00e5ra aktuella fr\u00e5gor h\u00e4r<\/a>\n                                    <\/div>\n            \n        <\/div>\n    <\/div>\n<\/section>\n\n\n<div style=\"height:45px\" aria-hidden=\"true\" class=\"wp-block-spacer\"><\/div>\n\n\n\n<h4 class=\"wp-block-heading alignwide has-text-align-right\"><a href=\"\/nyheter\">Fler nyheter &gt;&gt;<\/a><\/h4>\n\n\n<section  class=\"tebab-block-posts_carousel alignwide type-post\">\n    \n            <div class=\"carousel-wrapper grab-to-scroll\">\n                                            <div class=\"post-carousel-card type-post\">\n    \n            <div class=\"featured_image\">\n            <img loading=\"lazy\" decoding=\"async\" width=\"300\" height=\"128\" src=\"https:\/\/www.applia-sverige.se\/wp-content\/uploads\/2026\/04\/Applia-1-1-300x128.png\" class=\"attachment-medium size-medium\" alt=\"\" srcset=\"https:\/\/www.applia-sverige.se\/wp-content\/uploads\/2026\/04\/Applia-1-1-300x128.png 300w, https:\/\/www.applia-sverige.se\/wp-content\/uploads\/2026\/04\/Applia-1-1-18x8.png 18w, https:\/\/www.applia-sverige.se\/wp-content\/uploads\/2026\/04\/Applia-1-1.png 540w\" sizes=\"auto, (max-width: 300px) 100vw, 300px\" \/>        <\/div>\n    \n    <div class=\"content-wrapper\">\n        <div class=\"top\">\n                            <div class=\"categories\">\n                    <a tabindex=\"-1\" class=\"tag\" href=\"https:\/\/www.applia-sverige.se\/en\/nyheter\/?category=applianytt\">APPLiAnytt<\/a><a tabindex=\"-1\" class=\"tag\" href=\"https:\/\/www.applia-sverige.se\/en\/nyheter\/?category=marknadsutveckling\">Marknadsutveckling<\/a>                <\/div>\n            \n            <div class=\"date\">\n                2026.04.20            <\/div>\n        <\/div>\n        \n        <h3><a tabindex=\"-1\" href=\"https:\/\/www.applia-sverige.se\/en\/mars-en-positiv-marknadsmanad\/\">Mars \u2013 en positiv marknadsm\u00e5nad<\/a><\/h3>\n\n        \n        <div class=\"excerpt\">\n            <p>\u00c4ntligen en m\u00e5nad med positiva j\u00e4mf\u00f6relsetal mot f\u00f6reg\u00e5ende \u00e5rs mars m\u00e5nad f\u00f6r APPLiA-marknaden. \u00c4ven om detta inte hj\u00e4lpte kvartalsresultat upp \u00f6ver nollstrecket s\u00e5 noteras det \u00e4nd\u00e5 tacksamt av branschen efter en l\u00e5ng rad av negativa marknadssiffror.\u00a0\u00a0\u00a0 Svag utveckling under kvartal 1 Mars m\u00e5nad \u201dgr\u00f6na\u201d tal h\u00e4r ovanf\u00f6r i grafen innebar lite v\u00e4lbeh\u00f6vligt syre till branschen [&hellip;]<\/p>\n        <\/div>\n\n                    <a class=\"read-more\" href=\"https:\/\/www.applia-sverige.se\/en\/mars-en-positiv-marknadsmanad\/\">\n            L\u00e4s mer            <span class=\"screenreader\"> om Mars \u2013 en positiv marknadsm\u00e5nad<\/span><div class=\"icon-chevron-right\"><\/div>\n        <\/a>\n            <\/div>\n<\/div>                                            <div class=\"post-carousel-card type-post\">\n    \n            <div class=\"featured_image\">\n            <img loading=\"lazy\" decoding=\"async\" width=\"300\" height=\"128\" src=\"https:\/\/www.applia-sverige.se\/wp-content\/uploads\/2026\/04\/Applia-december-23-300x128.png\" class=\"attachment-medium size-medium\" alt=\"\" srcset=\"https:\/\/www.applia-sverige.se\/wp-content\/uploads\/2026\/04\/Applia-december-23-300x128.png 300w, https:\/\/www.applia-sverige.se\/wp-content\/uploads\/2026\/04\/Applia-december-23-1024x436.png 1024w, https:\/\/www.applia-sverige.se\/wp-content\/uploads\/2026\/04\/Applia-december-23-768x327.png 768w, https:\/\/www.applia-sverige.se\/wp-content\/uploads\/2026\/04\/Applia-december-23-18x8.png 18w, https:\/\/www.applia-sverige.se\/wp-content\/uploads\/2026\/04\/Applia-december-23.png 1350w\" sizes=\"auto, (max-width: 300px) 100vw, 300px\" \/>        <\/div>\n    \n    <div class=\"content-wrapper\">\n        <div class=\"top\">\n                            <div class=\"categories\">\n                    <a tabindex=\"-1\" class=\"tag\" href=\"https:\/\/www.applia-sverige.se\/en\/nyheter\/?category=applianytt\">APPLiAnytt<\/a>                <\/div>\n            \n            <div class=\"date\">\n                2026.04.01            <\/div>\n        <\/div>\n        \n        <h3><a tabindex=\"-1\" href=\"https:\/\/www.applia-sverige.se\/en\/att-vinna-i-en-volatil-marknad-med-teknologisk-utveckling-och-forandrade-konsumentbeteenden-kraver-mer-an-kostnadskontroll\/\">Att vinna i en volatil marknad, med teknologisk utveckling och f\u00f6r\u00e4ndrade konsumentbeteenden, kr\u00e4ver mer \u00e4n kostnadskontroll<\/a><\/h3>\n\n        \n        <div class=\"excerpt\">\n            <p>Om TCG Summit TCG Summit \u00e4r en internationell konferens f\u00f6r ledare inom elektronik- och detaljhandelsbranschen. H\u00e4r samlas chefer och experter f\u00f6r att dela insikter om trender, innovation, digital handel och framtidens kundupplevelser, samtidigt som de bygger n\u00e4tverk och samarbeten. I en tid pr\u00e4glad av os\u00e4kerhet, snabba skiften och fragmenterad efterfr\u00e5gan st\u00e5r leverant\u00f6rer inom Technical Consumer [&hellip;]<\/p>\n        <\/div>\n\n                    <a class=\"read-more\" href=\"https:\/\/www.applia-sverige.se\/en\/att-vinna-i-en-volatil-marknad-med-teknologisk-utveckling-och-forandrade-konsumentbeteenden-kraver-mer-an-kostnadskontroll\/\">\n            L\u00e4s mer            <span class=\"screenreader\"> om Att vinna i en volatil marknad, med teknologisk utveckling och f\u00f6r\u00e4ndrade konsumentbeteenden, kr\u00e4ver mer \u00e4n kostnadskontroll<\/span><div class=\"icon-chevron-right\"><\/div>\n        <\/a>\n            <\/div>\n<\/div>                                            <div class=\"post-carousel-card type-post\">\n    \n            <div class=\"featured_image\">\n            <img loading=\"lazy\" decoding=\"async\" width=\"300\" height=\"162\" src=\"https:\/\/www.applia-sverige.se\/wp-content\/uploads\/2026\/03\/Market-feb-300x162.png\" class=\"attachment-medium size-medium\" alt=\"\" srcset=\"https:\/\/www.applia-sverige.se\/wp-content\/uploads\/2026\/03\/Market-feb-300x162.png 300w, https:\/\/www.applia-sverige.se\/wp-content\/uploads\/2026\/03\/Market-feb-1024x554.png 1024w, https:\/\/www.applia-sverige.se\/wp-content\/uploads\/2026\/03\/Market-feb-768x416.png 768w, https:\/\/www.applia-sverige.se\/wp-content\/uploads\/2026\/03\/Market-feb-1536x831.png 1536w, https:\/\/www.applia-sverige.se\/wp-content\/uploads\/2026\/03\/Market-feb-18x10.png 18w, https:\/\/www.applia-sverige.se\/wp-content\/uploads\/2026\/03\/Market-feb-1920x1039.png 1920w, https:\/\/www.applia-sverige.se\/wp-content\/uploads\/2026\/03\/Market-feb.png 2048w\" sizes=\"auto, (max-width: 300px) 100vw, 300px\" \/>        <\/div>\n    \n    <div class=\"content-wrapper\">\n        <div class=\"top\">\n                            <div class=\"categories\">\n                    <a tabindex=\"-1\" class=\"tag\" href=\"https:\/\/www.applia-sverige.se\/en\/nyheter\/?category=marknadsutveckling\">Marknadsutveckling<\/a>                <\/div>\n            \n            <div class=\"date\">\n                2026.03.27            <\/div>\n        <\/div>\n        \n        <h3><a tabindex=\"-1\" href=\"https:\/\/www.applia-sverige.se\/en\/applia-marknaden-vitvaror-och-hushallsapparater\/\">APPLiA-marknaden \/ vitvaror och hush\u00e5llsapparater<\/a><\/h3>\n\n        \n        <div class=\"excerpt\">\n            <p>Appstat har nu presenterat marknadssiffrorna f\u00f6r februari och visar p\u00e5 att tappet forts\u00e4tter f\u00f6r marknaden under februari. Tappet mot f\u00f6reg\u00e5ende \u00e5r uppg\u00e5r nu till n\u00e4stan 8 procent v\u00e4rdem\u00e4ssigt (sell-in v\u00e4rde) f\u00f6r den svenska vitvaru- och hush\u00e5llsapparatmarknaden. N\u00e4r det geopolitiska nyhetsfl\u00f6dets inneh\u00e5ll och tonalitet skapar os\u00e4kerhet bland f\u00f6retag och konsumenter, s\u00e5 m\u00e4rks tydligt att ink\u00f6ps- och [&hellip;]<\/p>\n        <\/div>\n\n                    <a class=\"read-more\" href=\"https:\/\/www.applia-sverige.se\/en\/applia-marknaden-vitvaror-och-hushallsapparater\/\">\n            L\u00e4s mer            <span class=\"screenreader\"> om APPLiA-marknaden \/ vitvaror och hush\u00e5llsapparater<\/span><div class=\"icon-chevron-right\"><\/div>\n        <\/a>\n            <\/div>\n<\/div>                                            <div class=\"post-carousel-card type-post\">\n    \n            <div class=\"featured_image\">\n            <img loading=\"lazy\" decoding=\"async\" width=\"300\" height=\"128\" src=\"https:\/\/www.applia-sverige.se\/wp-content\/uploads\/2026\/03\/Applia-december-22-300x128.png\" class=\"attachment-medium size-medium\" alt=\"\" srcset=\"https:\/\/www.applia-sverige.se\/wp-content\/uploads\/2026\/03\/Applia-december-22-300x128.png 300w, https:\/\/www.applia-sverige.se\/wp-content\/uploads\/2026\/03\/Applia-december-22-768x327.png 768w, https:\/\/www.applia-sverige.se\/wp-content\/uploads\/2026\/03\/Applia-december-22-18x8.png 18w, https:\/\/www.applia-sverige.se\/wp-content\/uploads\/2026\/03\/Applia-december-22.png 1012w\" sizes=\"auto, (max-width: 300px) 100vw, 300px\" \/>        <\/div>\n    \n    <div class=\"content-wrapper\">\n        <div class=\"top\">\n                            <div class=\"categories\">\n                    <a tabindex=\"-1\" class=\"tag\" href=\"https:\/\/www.applia-sverige.se\/en\/nyheter\/?category=applianytt\">APPLiAnytt<\/a>                <\/div>\n            \n            <div class=\"date\">\n                2026.03.24            <\/div>\n        <\/div>\n        \n        <h3><a tabindex=\"-1\" href=\"https:\/\/www.applia-sverige.se\/en\/vaffeldagen-25-mars\/\">V\u00e5ffeldagen 25 mars<\/a><\/h3>\n\n        \n        <div class=\"excerpt\">\n            <p>Vi firar nu v\u00e5ffeldagen, som har sina r\u00f6tter i en h\u00e4rlig svensk tradition som g\u00e5r tillbaka \u00e5rhundraden. Ursprungligen var den 25 mars k\u00e4nd som \u201dV\u00e5rfrudagen\u201d \u2013 en religi\u00f6s h\u00f6gtid som firade beb\u00e5delsen. Orden l\u00e5ter ju v\u00e4ldigt lika (V\u00e5rfrudage\/V\u00e5ffeldagen) om de s\u00e4gs snabbt. Detta gav oss svenskar anledning att starta ett v\u00e4lkommet firande till v\u00e5fflans \u00e4ra [&hellip;]<\/p>\n        <\/div>\n\n                    <a class=\"read-more\" href=\"https:\/\/www.applia-sverige.se\/en\/vaffeldagen-25-mars\/\">\n            L\u00e4s mer            <span class=\"screenreader\"> om V\u00e5ffeldagen 25 mars<\/span><div class=\"icon-chevron-right\"><\/div>\n        <\/a>\n            <\/div>\n<\/div>                                            <div class=\"post-carousel-card type-post\">\n    \n            <div class=\"featured_image\">\n            <img loading=\"lazy\" decoding=\"async\" width=\"300\" height=\"128\" src=\"https:\/\/www.applia-sverige.se\/wp-content\/uploads\/2026\/03\/Applia-december-20-300x128.png\" class=\"attachment-medium size-medium\" alt=\"\" srcset=\"https:\/\/www.applia-sverige.se\/wp-content\/uploads\/2026\/03\/Applia-december-20-300x128.png 300w, https:\/\/www.applia-sverige.se\/wp-content\/uploads\/2026\/03\/Applia-december-20-1024x436.png 1024w, https:\/\/www.applia-sverige.se\/wp-content\/uploads\/2026\/03\/Applia-december-20-768x327.png 768w, https:\/\/www.applia-sverige.se\/wp-content\/uploads\/2026\/03\/Applia-december-20-18x8.png 18w, https:\/\/www.applia-sverige.se\/wp-content\/uploads\/2026\/03\/Applia-december-20.png 1282w\" sizes=\"auto, (max-width: 300px) 100vw, 300px\" \/>        <\/div>\n    \n    <div class=\"content-wrapper\">\n        <div class=\"top\">\n                            <div class=\"categories\">\n                    <a tabindex=\"-1\" class=\"tag\" href=\"https:\/\/www.applia-sverige.se\/en\/nyheter\/?category=applianytt\">APPLiAnytt<\/a><a tabindex=\"-1\" class=\"tag\" href=\"https:\/\/www.applia-sverige.se\/en\/nyheter\/?category=marknadsutveckling\">Marknadsutveckling<\/a>                <\/div>\n            \n            <div class=\"date\">\n                2026.03.17            <\/div>\n        <\/div>\n        \n        <h3><a tabindex=\"-1\" href=\"https:\/\/www.applia-sverige.se\/en\/en-svag-inledning-pa-aret-for-vitvaror\/\">En svag inledning p\u00e5 \u00e5ret f\u00f6r vitvaror<\/a><\/h3>\n\n        \n        <div class=\"excerpt\">\n            <p>M\u00e5nadens korta marknads-rapport fr\u00e5n APPLiA visar att \u00e5rets f\u00f6rsta sell-in m\u00e5nad startade tufft f\u00f6r vitvaror p\u00e5 den svenska marknaden. De mindre hush\u00e5llsapparaterna klarar sig b\u00e4ttre i inledningen av \u00e5ret i j\u00e4mf\u00f6relse med samma m\u00e5nad 2025. MDA \u2013 Major Domestic Appliances \/ vitvaror SDA \u2013 Small Domestic Appliances \/ hush\u00e5llapparater De b\u00e5da huvudsegmenten (TOTAL h\u00e4r ovan) [&hellip;]<\/p>\n        <\/div>\n\n                    <a class=\"read-more\" href=\"https:\/\/www.applia-sverige.se\/en\/en-svag-inledning-pa-aret-for-vitvaror\/\">\n            L\u00e4s mer            <span class=\"screenreader\"> om En svag inledning p\u00e5 \u00e5ret f\u00f6r vitvaror<\/span><div class=\"icon-chevron-right\"><\/div>\n        <\/a>\n            <\/div>\n<\/div>                                            <div class=\"post-carousel-card type-post\">\n    \n            <div class=\"featured_image\">\n            <img loading=\"lazy\" decoding=\"async\" width=\"300\" height=\"128\" src=\"https:\/\/www.applia-sverige.se\/wp-content\/uploads\/2026\/03\/Applia-december-17-300x128.png\" class=\"attachment-medium size-medium\" alt=\"\" srcset=\"https:\/\/www.applia-sverige.se\/wp-content\/uploads\/2026\/03\/Applia-december-17-300x128.png 300w, https:\/\/www.applia-sverige.se\/wp-content\/uploads\/2026\/03\/Applia-december-17-1024x436.png 1024w, https:\/\/www.applia-sverige.se\/wp-content\/uploads\/2026\/03\/Applia-december-17-768x327.png 768w, https:\/\/www.applia-sverige.se\/wp-content\/uploads\/2026\/03\/Applia-december-17-18x8.png 18w, https:\/\/www.applia-sverige.se\/wp-content\/uploads\/2026\/03\/Applia-december-17.png 1282w\" sizes=\"auto, (max-width: 300px) 100vw, 300px\" \/>        <\/div>\n    \n    <div class=\"content-wrapper\">\n        <div class=\"top\">\n                            <div class=\"categories\">\n                    <a tabindex=\"-1\" class=\"tag\" href=\"https:\/\/www.applia-sverige.se\/en\/nyheter\/?category=elektronikskatten\">Elektronikskatten<\/a>                <\/div>\n            \n            <div class=\"date\">\n                2026.03.09            <\/div>\n        <\/div>\n        \n        <h3><a tabindex=\"-1\" href=\"https:\/\/www.applia-sverige.se\/en\/15-miljarder-inbetalt-i-elektronikskatt\/\">15 miljarder inbetalt i elektronikskatt<\/a><\/h3>\n\n        \n        <div class=\"excerpt\">\n            <p>Nu har Skatteverket r\u00e4knat ihop 2025-\u00e5rs skatteint\u00e4kter fr\u00e5n elektronikskatten, som tas ut p\u00e5 alla vitvaror, dammsugare, PC, mobiler, sk\u00e4rmar, TV och \u00f6vrig hemelektronik. Sedan inf\u00f6randet av skatten i juli 2017 har nu drygt 15 miljarder (!) kronor betalats in till Skatteverket av svenska konsumenter, fastighetsbolag, skolor etc. i form av kraftigt h\u00f6gre priser p\u00e5 t.ex. [&hellip;]<\/p>\n        <\/div>\n\n                    <a class=\"read-more\" href=\"https:\/\/www.applia-sverige.se\/en\/15-miljarder-inbetalt-i-elektronikskatt\/\">\n            L\u00e4s mer            <span class=\"screenreader\"> om 15 miljarder inbetalt i elektronikskatt<\/span><div class=\"icon-chevron-right\"><\/div>\n        <\/a>\n            <\/div>\n<\/div>                                            <div class=\"post-carousel-card type-post\">\n    \n            <div class=\"featured_image\">\n            <img loading=\"lazy\" decoding=\"async\" width=\"300\" height=\"128\" src=\"https:\/\/www.applia-sverige.se\/wp-content\/uploads\/2026\/03\/Applia-december-4-300x128.png\" class=\"attachment-medium size-medium\" alt=\"\" srcset=\"https:\/\/www.applia-sverige.se\/wp-content\/uploads\/2026\/03\/Applia-december-4-300x128.png 300w, https:\/\/www.applia-sverige.se\/wp-content\/uploads\/2026\/03\/Applia-december-4-768x327.png 768w, https:\/\/www.applia-sverige.se\/wp-content\/uploads\/2026\/03\/Applia-december-4-18x8.png 18w, https:\/\/www.applia-sverige.se\/wp-content\/uploads\/2026\/03\/Applia-december-4.png 1012w\" sizes=\"auto, (max-width: 300px) 100vw, 300px\" \/>        <\/div>\n    \n    <div class=\"content-wrapper\">\n        <div class=\"top\">\n                            <div class=\"categories\">\n                    <a tabindex=\"-1\" class=\"tag\" href=\"https:\/\/www.applia-sverige.se\/en\/nyheter\/?category=marknadsutveckling\">Marknadsutveckling<\/a>                <\/div>\n            \n            <div class=\"date\">\n                2026.03.04            <\/div>\n        <\/div>\n        \n        <h3><a tabindex=\"-1\" href=\"https:\/\/www.applia-sverige.se\/en\/applia-marknaden-for-vitvaror-och-hushallsapparater-2025-arssammanstallning\/\">APPLiA-marknaden f\u00f6r vitvaror och hush\u00e5llsapparater 2025 &#8211; \u00c5rssammanst\u00e4llning<\/a><\/h3>\n\n        \n        <div class=\"excerpt\">\n            <p>Marknads\u00e5ret 2025 Under 2025 fortsatte vitvaru- och hush\u00e5llsapparatbranschen i Sverige att utmanas av en svag konjunktur, \u00e5terh\u00e5llsamma konsumenter och en l\u00e5g bostadsproduktion, vilket innebar att marknaden v\u00e4rdem\u00e4ssigt inte n\u00e5dde upp till f\u00f6reg\u00e5ende \u00e5rsniv\u00e5. Trots en viss \u00e5terh\u00e4mtning under \u00e5ret och \u00f6kad aktivitet under h\u00f6sten, n\u00e5dde APPLiA-marknadens f\u00f6rs\u00e4ljning (sell-in v\u00e4rde) efter de fyra kvartalen en niv\u00e5 [&hellip;]<\/p>\n        <\/div>\n\n                    <a class=\"read-more\" href=\"https:\/\/www.applia-sverige.se\/en\/applia-marknaden-for-vitvaror-och-hushallsapparater-2025-arssammanstallning\/\">\n            L\u00e4s mer            <span class=\"screenreader\"> om APPLiA-marknaden f\u00f6r vitvaror och hush\u00e5llsapparater 2025 &#8211; \u00c5rssammanst\u00e4llning<\/span><div class=\"icon-chevron-right\"><\/div>\n        <\/a>\n            <\/div>\n<\/div>                                            <div class=\"post-carousel-card type-post\">\n    \n            <div class=\"featured_image\">\n            <img loading=\"lazy\" decoding=\"async\" width=\"300\" height=\"128\" src=\"https:\/\/www.applia-sverige.se\/wp-content\/uploads\/2026\/02\/Applia-december-300x128.png\" class=\"attachment-medium size-medium\" alt=\"\" srcset=\"https:\/\/www.applia-sverige.se\/wp-content\/uploads\/2026\/02\/Applia-december-300x128.png 300w, https:\/\/www.applia-sverige.se\/wp-content\/uploads\/2026\/02\/Applia-december-1024x436.png 1024w, https:\/\/www.applia-sverige.se\/wp-content\/uploads\/2026\/02\/Applia-december-768x327.png 768w, https:\/\/www.applia-sverige.se\/wp-content\/uploads\/2026\/02\/Applia-december-18x8.png 18w, https:\/\/www.applia-sverige.se\/wp-content\/uploads\/2026\/02\/Applia-december.png 1148w\" sizes=\"auto, (max-width: 300px) 100vw, 300px\" \/>        <\/div>\n    \n    <div class=\"content-wrapper\">\n        <div class=\"top\">\n                            <div class=\"categories\">\n                    <a tabindex=\"-1\" class=\"tag\" href=\"https:\/\/www.applia-sverige.se\/en\/nyheter\/?category=applianytt\">APPLiAnytt<\/a><a tabindex=\"-1\" class=\"tag\" href=\"https:\/\/www.applia-sverige.se\/en\/nyheter\/?category=marknadsutveckling\">Marknadsutveckling<\/a>                <\/div>\n            \n            <div class=\"date\">\n                2026.03.02            <\/div>\n        <\/div>\n        \n        <h3><a tabindex=\"-1\" href=\"https:\/\/www.applia-sverige.se\/en\/paborjad-nybyggnad-av-bostader-2025\/\">P\u00e5b\u00f6rjad nybyggnad av bost\u00e4der 2025<\/a><\/h3>\n\n        \n        <div class=\"excerpt\">\n            <p>SCB publicerade nyligen rapporten \u00f6ver antalet p\u00e5b\u00f6rjade l\u00e4genheter under 2025 och kan visa p\u00e5 en \u00f6kning med 11 procent j\u00e4mf\u00f6rt med 2024. \u00d6kningen kommer efter ordentliga nedg\u00e5ngar i antalet p\u00e5b\u00f6rjade l\u00e4genheter under \u00e5ren 2022-2024. Antalet l\u00e4genheter som redovisas \u00e4r 30 250 l\u00e4genheter under 2025. Det kan d\u00e5 j\u00e4mf\u00f6ras med 27 173 \u00e5ret innan. Ur SCB-rapporten [&hellip;]<\/p>\n        <\/div>\n\n                    <a class=\"read-more\" href=\"https:\/\/www.applia-sverige.se\/en\/paborjad-nybyggnad-av-bostader-2025\/\">\n            L\u00e4s mer            <span class=\"screenreader\"> om P\u00e5b\u00f6rjad nybyggnad av bost\u00e4der 2025<\/span><div class=\"icon-chevron-right\"><\/div>\n        <\/a>\n            <\/div>\n<\/div>                                            <div class=\"post-carousel-card type-post\">\n    \n            <div class=\"featured_image\">\n            <img loading=\"lazy\" decoding=\"async\" width=\"300\" height=\"128\" src=\"https:\/\/www.applia-sverige.se\/wp-content\/uploads\/2026\/02\/Applia-december-300x128.png\" class=\"attachment-medium size-medium\" alt=\"\" srcset=\"https:\/\/www.applia-sverige.se\/wp-content\/uploads\/2026\/02\/Applia-december-300x128.png 300w, https:\/\/www.applia-sverige.se\/wp-content\/uploads\/2026\/02\/Applia-december-1024x436.png 1024w, https:\/\/www.applia-sverige.se\/wp-content\/uploads\/2026\/02\/Applia-december-768x327.png 768w, https:\/\/www.applia-sverige.se\/wp-content\/uploads\/2026\/02\/Applia-december-18x8.png 18w, https:\/\/www.applia-sverige.se\/wp-content\/uploads\/2026\/02\/Applia-december.png 1148w\" sizes=\"auto, (max-width: 300px) 100vw, 300px\" \/>        <\/div>\n    \n    <div class=\"content-wrapper\">\n        <div class=\"top\">\n                            <div class=\"categories\">\n                    <a tabindex=\"-1\" class=\"tag\" href=\"https:\/\/www.applia-sverige.se\/en\/nyheter\/?category=applianytt\">APPLiAnytt<\/a><a tabindex=\"-1\" class=\"tag\" href=\"https:\/\/www.applia-sverige.se\/en\/nyheter\/?category=marknadsutveckling\">Marknadsutveckling<\/a>                <\/div>\n            \n            <div class=\"date\">\n                2026.02.03            <\/div>\n        <\/div>\n        \n        <h3><a tabindex=\"-1\" href=\"https:\/\/www.applia-sverige.se\/en\/positiv-avslutning-av-aret-for-applia-marknaden\/\">Positiv avslutning av \u00e5ret f\u00f6r APPLiA-marknaden<\/a><\/h3>\n\n        \n        <div class=\"excerpt\">\n            <p>\u00c5rets sista m\u00e5nad 2025 avslutades positivt j\u00e4mf\u00f6rt med december 2024. Speciellt g\u00e4ller detta vitvarorna (MDA) som nu spurtade mot att n\u00e4ra nog n\u00e5 fjol\u00e5rets niv\u00e5 v\u00e4rdem\u00e4ssigt. Stegvis f\u00f6rb\u00e4ttring f\u00f6r s\u00e4llank\u00f6psvaror N\u00e4r branschsiffrorna f\u00f6r \u00e5ret summeras, s\u00e5 st\u00e5r det klart att det s.k. sell-in v\u00e4rdet f\u00f6r branschen (-3,0%) inte riktigt n\u00e5r fjol\u00e5rets niv\u00e5. \u00c5rets sista m\u00e5nads [&hellip;]<\/p>\n        <\/div>\n\n                    <a class=\"read-more\" href=\"https:\/\/www.applia-sverige.se\/en\/positiv-avslutning-av-aret-for-applia-marknaden\/\">\n            L\u00e4s mer            <span class=\"screenreader\"> om Positiv avslutning av \u00e5ret f\u00f6r APPLiA-marknaden<\/span><div class=\"icon-chevron-right\"><\/div>\n        <\/a>\n            <\/div>\n<\/div>                                            <div class=\"post-carousel-card type-post\">\n    \n            <div class=\"featured_image\">\n            <img loading=\"lazy\" decoding=\"async\" width=\"300\" height=\"128\" src=\"https:\/\/www.applia-sverige.se\/wp-content\/uploads\/2026\/01\/Applia-market-540-x-330-px-kopia-3-300x128.png\" class=\"attachment-medium size-medium\" alt=\"\" srcset=\"https:\/\/www.applia-sverige.se\/wp-content\/uploads\/2026\/01\/Applia-market-540-x-330-px-kopia-3-300x128.png 300w, https:\/\/www.applia-sverige.se\/wp-content\/uploads\/2026\/01\/Applia-market-540-x-330-px-kopia-3-768x328.png 768w, https:\/\/www.applia-sverige.se\/wp-content\/uploads\/2026\/01\/Applia-market-540-x-330-px-kopia-3-18x8.png 18w, https:\/\/www.applia-sverige.se\/wp-content\/uploads\/2026\/01\/Applia-market-540-x-330-px-kopia-3.png 945w\" sizes=\"auto, (max-width: 300px) 100vw, 300px\" \/>        <\/div>\n    \n    <div class=\"content-wrapper\">\n        <div class=\"top\">\n                            <div class=\"categories\">\n                    <a tabindex=\"-1\" class=\"tag\" href=\"https:\/\/www.applia-sverige.se\/en\/nyheter\/?category=applianytt\">APPLiAnytt<\/a>                <\/div>\n            \n            <div class=\"date\">\n                2026.01.15            <\/div>\n        <\/div>\n        \n        <h3><a tabindex=\"-1\" href=\"https:\/\/www.applia-sverige.se\/en\/tuff-utveckling-pa-applia-marknaden\/\">Tuff utveckling p\u00e5 APPLiA-marknaden<\/a><\/h3>\n\n        \n        <div class=\"excerpt\">\n            <p>De st\u00f6rre vitvarorna st\u00e5r emot nedg\u00e5ngen b\u00e4ttre \u00e4n de mindre hush\u00e5llsapparaterna, d\u00e4r v\u00e4rdet pressas ordentligt i j\u00e4mf\u00f6relse med fjol\u00e5ret. Teknologisk utveckling och energieffektivitet \u00e4r tydliga drivkrafter. Konsumenterna prioriterar smarta och h\u00e5llbara l\u00f6sningar, vilket gynnar segment som uppkopplade kylsk\u00e5p och energieffektiva tv\u00e4ttmaskiner. Marknadsutveckling \/ APPLiA-marknaden november 2025 November \u00e4r traditionellt \u00e5rets starkaste m\u00e5nad f\u00f6r f\u00f6rs\u00e4ljning av [&hellip;]<\/p>\n        <\/div>\n\n                    <a class=\"read-more\" href=\"https:\/\/www.applia-sverige.se\/en\/tuff-utveckling-pa-applia-marknaden\/\">\n            L\u00e4s mer            <span class=\"screenreader\"> om Tuff utveckling p\u00e5 APPLiA-marknaden<\/span><div class=\"icon-chevron-right\"><\/div>\n        <\/a>\n            <\/div>\n<\/div>                                <\/div>\n    \n<\/section>\n\n\n<div style=\"height:var(--wp--preset--spacing--80)\" aria-hidden=\"true\" class=\"wp-block-spacer\"><\/div>\n\n\n<section  class=\"tebab-block-split_screen alignfull image_alignment-left\">\n    <div class=\"contained\">\n        <div class=\"tebab-block-split_screen__image-wrapper\">\n            <img loading=\"lazy\" decoding=\"async\" width=\"1523\" height=\"1080\" src=\"https:\/\/www.applia-sverige.se\/wp-content\/uploads\/2024\/03\/header_hallbarhet-1523x1080.png\" class=\"attachment-landscape size-landscape\" alt=\"\" srcset=\"https:\/\/www.applia-sverige.se\/wp-content\/uploads\/2024\/03\/header_hallbarhet-1523x1080.png 1523w, https:\/\/www.applia-sverige.se\/wp-content\/uploads\/2024\/03\/header_hallbarhet-300x213.png 300w, https:\/\/www.applia-sverige.se\/wp-content\/uploads\/2024\/03\/header_hallbarhet-1024x726.png 1024w, https:\/\/www.applia-sverige.se\/wp-content\/uploads\/2024\/03\/header_hallbarhet-768x544.png 768w, https:\/\/www.applia-sverige.se\/wp-content\/uploads\/2024\/03\/header_hallbarhet-1536x1089.png 1536w, https:\/\/www.applia-sverige.se\/wp-content\/uploads\/2024\/03\/header_hallbarhet-2048x1452.png 2048w\" sizes=\"auto, (max-width: 1523px) 100vw, 1523px\" \/>        <\/div>\n\n        <div class=\"tebab-block-split_screen__content-wrapper\">\n            <h2>Dina val g\u00f6r skillnad<\/h2>\n<p>V\u00e5ra medlemsf\u00f6retag \u00e4r alla engagerade i att skydda milj\u00f6n genom bland annat ansvarsfull hantering av material, h\u00f6gt materialutnyttjande och s\u00e4kerst\u00e4lla att de tillverkar produkter av h\u00f6g kvalitet, med l\u00e5g energif\u00f6rbrukning som h\u00e5ller \u00f6ver tid. V\u00e5ra medlemsf\u00f6retag str\u00e4var efter att \u00f6vertr\u00e4ffa lagar, milj\u00f6krav och f\u00f6rv\u00e4ntningarna genom att st\u00e4ndigt uppdatera sina kunskaper om marknadens nyheter och f\u00f6rb\u00e4ttringar f\u00f6r att s\u00e4kerst\u00e4lla att de anv\u00e4nder de mest milj\u00f6v\u00e4nliga alternativen tillg\u00e4ngliga.<\/p>\n<p>Alla medlemsf\u00f6retag anslutna till APPLiA f\u00f6rbinder sig dessutom till att ta sitt fulla producentansvar, som en del i det \u00e4r alla medlemmarna sj\u00e4lva \u00e4r anslutna till El-Kretsen.<\/p>\n\n                            <div class=\"tebab-block-split_screen__buttons\">\n                                            <a href=\"https:\/\/www.applia-sverige.se\/hallbarhet\/\" class=\"button primary\" target=\"\" rel=\"noreferrer\">L\u00e4s mer om v\u00e5rt h\u00e5llbarhetsarbete h\u00e4r<\/a>\n                                    <\/div>\n            \n        <\/div>\n    <\/div>\n<\/section>\n\n\n<div style=\"height:45px\" aria-hidden=\"true\" class=\"wp-block-spacer\"><\/div>\n\n\n<section  class=\"tebab-block-members_carousel alignfull\" style=\"--members: 52;\">\n    <div class=\"contained\">\n                    <h2>V\u00e5ra medlemsf\u00f6retag<\/h2>\n                \n        <div class=\"carousel-wrapper\">\n            <div class=\"carousel-inner\">\n                \n                    \n                    <a class=\"carousel-item\"\n                       href=\"http:\/\/www.miele.se\/\"\n                       target=\"_blank\"\n                       rel=\"noopener noreferrer\"\n                       aria-label=\"Miele AB\">\n                \n                                                    <img loading=\"lazy\" decoding=\"async\" width=\"300\" height=\"115\" src=\"https:\/\/www.applia-sverige.se\/wp-content\/uploads\/2024\/03\/Miele_Logo-300x115.png\" class=\"attachment-medium size-medium wp-post-image\" alt=\"\" srcset=\"https:\/\/www.applia-sverige.se\/wp-content\/uploads\/2024\/03\/Miele_Logo-300x115.png 300w, https:\/\/www.applia-sverige.se\/wp-content\/uploads\/2024\/03\/Miele_Logo.png 417w\" sizes=\"auto, (max-width: 300px) 100vw, 300px\" \/>                                            <\/a>\n                \n                    \n                    <a class=\"carousel-item\"\n                       href=\"https:\/\/www.severin.se\/\"\n                       target=\"_blank\"\n                       rel=\"noopener noreferrer\"\n                       aria-label=\"Severin Svenska AB\">\n                \n                                                    <img loading=\"lazy\" decoding=\"async\" width=\"300\" height=\"39\" src=\"https:\/\/www.applia-sverige.se\/wp-content\/uploads\/2025\/11\/SEVERIN_Logo_2025_95-schwarz-300x39.png\" class=\"attachment-medium size-medium wp-post-image\" alt=\"\" srcset=\"https:\/\/www.applia-sverige.se\/wp-content\/uploads\/2025\/11\/SEVERIN_Logo_2025_95-schwarz-300x39.png 300w, https:\/\/www.applia-sverige.se\/wp-content\/uploads\/2025\/11\/SEVERIN_Logo_2025_95-schwarz-1024x133.png 1024w, https:\/\/www.applia-sverige.se\/wp-content\/uploads\/2025\/11\/SEVERIN_Logo_2025_95-schwarz-768x100.png 768w, https:\/\/www.applia-sverige.se\/wp-content\/uploads\/2025\/11\/SEVERIN_Logo_2025_95-schwarz-1536x200.png 1536w, https:\/\/www.applia-sverige.se\/wp-content\/uploads\/2025\/11\/SEVERIN_Logo_2025_95-schwarz-2048x267.png 2048w, https:\/\/www.applia-sverige.se\/wp-content\/uploads\/2025\/11\/SEVERIN_Logo_2025_95-schwarz-18x2.png 18w, https:\/\/www.applia-sverige.se\/wp-content\/uploads\/2025\/11\/SEVERIN_Logo_2025_95-schwarz-1920x250.png 1920w\" sizes=\"auto, (max-width: 300px) 100vw, 300px\" \/>                                            <\/a>\n                \n                    \n                    <a class=\"carousel-item\"\n                       href=\"https:\/\/www.groupeseb.com\/en\"\n                       target=\"_blank\"\n                       rel=\"noopener noreferrer\"\n                       aria-label=\"OBH Nordica\">\n                \n                                                    <img loading=\"lazy\" decoding=\"async\" width=\"267\" height=\"300\" src=\"https:\/\/www.applia-sverige.se\/wp-content\/uploads\/2024\/03\/OBH_Nordica_Logo-267x300.png\" class=\"attachment-medium size-medium wp-post-image\" alt=\"\" srcset=\"https:\/\/www.applia-sverige.se\/wp-content\/uploads\/2024\/03\/OBH_Nordica_Logo-267x300.png 267w, https:\/\/www.applia-sverige.se\/wp-content\/uploads\/2024\/03\/OBH_Nordica_Logo-910x1024.png 910w, https:\/\/www.applia-sverige.se\/wp-content\/uploads\/2024\/03\/OBH_Nordica_Logo-768x864.png 768w, https:\/\/www.applia-sverige.se\/wp-content\/uploads\/2024\/03\/OBH_Nordica_Logo.png 954w\" sizes=\"auto, (max-width: 267px) 100vw, 267px\" \/>                                            <\/a>\n                \n                    \n                    <a class=\"carousel-item\"\n                       href=\"http:\/\/www.delonghi.com\/sv-se\/\"\n                       target=\"_blank\"\n                       rel=\"noopener noreferrer\"\n                       aria-label=\"De\u2019Longhi Group Scandinavia AB\">\n                \n                                                    <img loading=\"lazy\" decoding=\"async\" width=\"300\" height=\"40\" src=\"https:\/\/www.applia-sverige.se\/wp-content\/uploads\/2024\/03\/de_longhi_logo-300x40.png\" class=\"attachment-medium size-medium wp-post-image\" alt=\"\" srcset=\"https:\/\/www.applia-sverige.se\/wp-content\/uploads\/2024\/03\/de_longhi_logo-300x40.png 300w, https:\/\/www.applia-sverige.se\/wp-content\/uploads\/2024\/03\/de_longhi_logo.png 630w\" sizes=\"auto, (max-width: 300px) 100vw, 300px\" \/>                                            <\/a>\n                \n                    \n                    <a class=\"carousel-item\"\n                       href=\"https:\/\/www.bosch-home.se\"\n                       target=\"_blank\"\n                       rel=\"noopener noreferrer\"\n                       aria-label=\"BSH Home Appliances AB\">\n                \n                                                    <img loading=\"lazy\" decoding=\"async\" width=\"300\" height=\"92\" src=\"https:\/\/www.applia-sverige.se\/wp-content\/uploads\/2024\/03\/Bosch-1-213x65@2x-300x92.png\" class=\"attachment-medium size-medium wp-post-image\" alt=\"\" srcset=\"https:\/\/www.applia-sverige.se\/wp-content\/uploads\/2024\/03\/Bosch-1-213x65@2x-300x92.png 300w, https:\/\/www.applia-sverige.se\/wp-content\/uploads\/2024\/03\/Bosch-1-213x65@2x.png 423w\" sizes=\"auto, (max-width: 300px) 100vw, 300px\" \/>                                            <\/a>\n                \n                    \n                    <a class=\"carousel-item\"\n                       href=\"https:\/\/www.beko.com\/se-sv\"\n                       target=\"_blank\"\n                       rel=\"noopener noreferrer\"\n                       aria-label=\"Beko Nordic AB\">\n                \n                                                    <img loading=\"lazy\" decoding=\"async\" width=\"220\" height=\"125\" src=\"https:\/\/www.applia-sverige.se\/wp-content\/uploads\/2024\/03\/beko_Logo.png\" class=\"attachment-medium size-medium wp-post-image\" alt=\"\" \/>                                            <\/a>\n                \n                    \n                    <a class=\"carousel-item\"\n                       href=\"https:\/\/www.franke.com\/se\/sv\/home.html\"\n                       target=\"_blank\"\n                       rel=\"noopener noreferrer\"\n                       aria-label=\"Franke Futurum AB\">\n                \n                                                    <img loading=\"lazy\" decoding=\"async\" width=\"300\" height=\"98\" src=\"https:\/\/www.applia-sverige.se\/wp-content\/uploads\/2024\/03\/Franke-logo-300x98.png\" class=\"attachment-medium size-medium wp-post-image\" alt=\"\" srcset=\"https:\/\/www.applia-sverige.se\/wp-content\/uploads\/2024\/03\/Franke-logo-300x98.png 300w, https:\/\/www.applia-sverige.se\/wp-content\/uploads\/2024\/03\/Franke-logo-1024x333.png 1024w, https:\/\/www.applia-sverige.se\/wp-content\/uploads\/2024\/03\/Franke-logo-768x250.png 768w, https:\/\/www.applia-sverige.se\/wp-content\/uploads\/2024\/03\/Franke-logo-1536x499.png 1536w, https:\/\/www.applia-sverige.se\/wp-content\/uploads\/2024\/03\/Franke-logo.png 1667w\" sizes=\"auto, (max-width: 300px) 100vw, 300px\" \/>                                            <\/a>\n                \n                    \n                    <a class=\"carousel-item\"\n                       href=\"https:\/\/se.bertazzoni.com\/\"\n                       target=\"_blank\"\n                       rel=\"noopener noreferrer\"\n                       aria-label=\"Bertazzoni S.p.A\">\n                \n                                                    <img loading=\"lazy\" decoding=\"async\" width=\"300\" height=\"300\" src=\"https:\/\/www.applia-sverige.se\/wp-content\/uploads\/2026\/03\/Bertazzoni-3d-with-pay-off-300x300.jpg\" class=\"attachment-medium size-medium wp-post-image\" alt=\"\" srcset=\"https:\/\/www.applia-sverige.se\/wp-content\/uploads\/2026\/03\/Bertazzoni-3d-with-pay-off-300x300.jpg 300w, https:\/\/www.applia-sverige.se\/wp-content\/uploads\/2026\/03\/Bertazzoni-3d-with-pay-off-1024x1024.jpg 1024w, https:\/\/www.applia-sverige.se\/wp-content\/uploads\/2026\/03\/Bertazzoni-3d-with-pay-off-150x150.jpg 150w, https:\/\/www.applia-sverige.se\/wp-content\/uploads\/2026\/03\/Bertazzoni-3d-with-pay-off-768x768.jpg 768w, https:\/\/www.applia-sverige.se\/wp-content\/uploads\/2026\/03\/Bertazzoni-3d-with-pay-off-1536x1536.jpg 1536w, https:\/\/www.applia-sverige.se\/wp-content\/uploads\/2026\/03\/Bertazzoni-3d-with-pay-off-12x12.jpg 12w, https:\/\/www.applia-sverige.se\/wp-content\/uploads\/2026\/03\/Bertazzoni-3d-with-pay-off-1080x1080.jpg 1080w, https:\/\/www.applia-sverige.se\/wp-content\/uploads\/2026\/03\/Bertazzoni-3d-with-pay-off.jpg 1654w\" sizes=\"auto, (max-width: 300px) 100vw, 300px\" \/>                                            <\/a>\n                \n                    \n                    <a class=\"carousel-item\"\n                       href=\"https:\/\/www.tcl.com\/se\/sv\"\n                       target=\"_blank\"\n                       rel=\"noopener noreferrer\"\n                       aria-label=\"TCL Nordics AB\">\n                \n                                                    <img loading=\"lazy\" decoding=\"async\" width=\"300\" height=\"95\" src=\"https:\/\/www.applia-sverige.se\/wp-content\/uploads\/2025\/07\/tcl-logo.avif\" class=\"attachment-medium size-medium wp-post-image\" alt=\"\" \/>                                            <\/a>\n                \n                    \n                    <a class=\"carousel-item\"\n                       href=\"http:\/\/www.cylinda.se\"\n                       target=\"_blank\"\n                       rel=\"noopener noreferrer\"\n                       aria-label=\"Cylinda AB\">\n                \n                                                    <img loading=\"lazy\" decoding=\"async\" width=\"300\" height=\"78\" src=\"https:\/\/www.applia-sverige.se\/wp-content\/uploads\/2024\/03\/cylinda_logo-300x78.png\" class=\"attachment-medium size-medium wp-post-image\" alt=\"\" srcset=\"https:\/\/www.applia-sverige.se\/wp-content\/uploads\/2024\/03\/cylinda_logo-300x78.png 300w, https:\/\/www.applia-sverige.se\/wp-content\/uploads\/2024\/03\/cylinda_logo-1024x267.png 1024w, https:\/\/www.applia-sverige.se\/wp-content\/uploads\/2024\/03\/cylinda_logo-768x200.png 768w, https:\/\/www.applia-sverige.se\/wp-content\/uploads\/2024\/03\/cylinda_logo-1536x400.png 1536w, https:\/\/www.applia-sverige.se\/wp-content\/uploads\/2024\/03\/cylinda_logo.png 1721w\" sizes=\"auto, (max-width: 300px) 100vw, 300px\" \/>                                            <\/a>\n                \n                    \n                    <a class=\"carousel-item\"\n                       href=\"http:\/\/podab.se\/\"\n                       target=\"_blank\"\n                       rel=\"noopener noreferrer\"\n                       aria-label=\"Podab AB\">\n                \n                                                    <img loading=\"lazy\" decoding=\"async\" width=\"300\" height=\"69\" src=\"https:\/\/www.applia-sverige.se\/wp-content\/uploads\/2024\/03\/PODAB_logo-300x69.png\" class=\"attachment-medium size-medium wp-post-image\" alt=\"\" srcset=\"https:\/\/www.applia-sverige.se\/wp-content\/uploads\/2024\/03\/PODAB_logo-300x69.png 300w, https:\/\/www.applia-sverige.se\/wp-content\/uploads\/2024\/03\/PODAB_logo-1024x234.png 1024w, https:\/\/www.applia-sverige.se\/wp-content\/uploads\/2024\/03\/PODAB_logo-768x176.png 768w, https:\/\/www.applia-sverige.se\/wp-content\/uploads\/2024\/03\/PODAB_logo-1536x351.png 1536w, https:\/\/www.applia-sverige.se\/wp-content\/uploads\/2024\/03\/PODAB_logo-2048x468.png 2048w, https:\/\/www.applia-sverige.se\/wp-content\/uploads\/2024\/03\/PODAB_logo-1920x439.png 1920w\" sizes=\"auto, (max-width: 300px) 100vw, 300px\" \/>                                            <\/a>\n                \n                    \n                    <a class=\"carousel-item\"\n                       href=\"https:\/\/www.versuni.com\"\n                       target=\"_blank\"\n                       rel=\"noopener noreferrer\"\n                       aria-label=\"Versuni Sweden AB\">\n                \n                                                    <img loading=\"lazy\" decoding=\"async\" width=\"300\" height=\"55\" src=\"https:\/\/www.applia-sverige.se\/wp-content\/uploads\/2024\/03\/versuni-customer-logo-300x55.png\" class=\"attachment-medium size-medium wp-post-image\" alt=\"\" srcset=\"https:\/\/www.applia-sverige.se\/wp-content\/uploads\/2024\/03\/versuni-customer-logo-300x55.png 300w, https:\/\/www.applia-sverige.se\/wp-content\/uploads\/2024\/03\/versuni-customer-logo-768x140.png 768w, https:\/\/www.applia-sverige.se\/wp-content\/uploads\/2024\/03\/versuni-customer-logo.png 992w\" sizes=\"auto, (max-width: 300px) 100vw, 300px\" \/>                                            <\/a>\n                \n                    \n                    <a class=\"carousel-item\"\n                       href=\"https:\/\/www.smeg.com\/se\"\n                       target=\"_blank\"\n                       rel=\"noopener noreferrer\"\n                       aria-label=\"Smeg AB\">\n                \n                                                    <img loading=\"lazy\" decoding=\"async\" width=\"300\" height=\"58\" src=\"https:\/\/www.applia-sverige.se\/wp-content\/uploads\/2024\/03\/smeg_logo_black-300x58.png\" class=\"attachment-medium size-medium wp-post-image\" alt=\"\" srcset=\"https:\/\/www.applia-sverige.se\/wp-content\/uploads\/2024\/03\/smeg_logo_black-300x58.png 300w, https:\/\/www.applia-sverige.se\/wp-content\/uploads\/2024\/03\/smeg_logo_black.png 398w\" sizes=\"auto, (max-width: 300px) 100vw, 300px\" \/>                                            <\/a>\n                \n                    \n                    <a class=\"carousel-item\"\n                       href=\"https:\/\/www.moccamaster.com\/se\/\"\n                       target=\"_blank\"\n                       rel=\"noopener noreferrer\"\n                       aria-label=\"Moccamaster Nordic AB\">\n                \n                                                    <img loading=\"lazy\" decoding=\"async\" width=\"300\" height=\"36\" src=\"https:\/\/www.applia-sverige.se\/wp-content\/uploads\/2024\/03\/Moccamaster_logo-300x36.png\" class=\"attachment-medium size-medium wp-post-image\" alt=\"\" srcset=\"https:\/\/www.applia-sverige.se\/wp-content\/uploads\/2024\/03\/Moccamaster_logo-300x36.png 300w, https:\/\/www.applia-sverige.se\/wp-content\/uploads\/2024\/03\/Moccamaster_logo-1024x123.png 1024w, https:\/\/www.applia-sverige.se\/wp-content\/uploads\/2024\/03\/Moccamaster_logo-768x92.png 768w, https:\/\/www.applia-sverige.se\/wp-content\/uploads\/2024\/03\/Moccamaster_logo-1536x185.png 1536w, https:\/\/www.applia-sverige.se\/wp-content\/uploads\/2024\/03\/Moccamaster_logo-2048x246.png 2048w, https:\/\/www.applia-sverige.se\/wp-content\/uploads\/2024\/03\/Moccamaster_logo-1920x231.png 1920w\" sizes=\"auto, (max-width: 300px) 100vw, 300px\" \/>                                            <\/a>\n                \n                    \n                    <a class=\"carousel-item\"\n                       href=\"http:\/\/www.ankarsrum.com\/\"\n                       target=\"_blank\"\n                       rel=\"noopener noreferrer\"\n                       aria-label=\"Ankarsrum Kitchen AB\">\n                \n                                                    <img loading=\"lazy\" decoding=\"async\" width=\"300\" height=\"32\" src=\"https:\/\/www.applia-sverige.se\/wp-content\/uploads\/2024\/03\/Ankarsrum_logo-300x32.png\" class=\"attachment-medium size-medium wp-post-image\" alt=\"\" srcset=\"https:\/\/www.applia-sverige.se\/wp-content\/uploads\/2024\/03\/Ankarsrum_logo-300x32.png 300w, https:\/\/www.applia-sverige.se\/wp-content\/uploads\/2024\/03\/Ankarsrum_logo-1024x110.png 1024w, https:\/\/www.applia-sverige.se\/wp-content\/uploads\/2024\/03\/Ankarsrum_logo-768x83.png 768w, https:\/\/www.applia-sverige.se\/wp-content\/uploads\/2024\/03\/Ankarsrum_logo.png 1329w\" sizes=\"auto, (max-width: 300px) 100vw, 300px\" \/>                                            <\/a>\n                \n                    \n                    <a class=\"carousel-item\"\n                       href=\"https:\/\/www.samsung.com\/se\/\"\n                       target=\"_blank\"\n                       rel=\"noopener noreferrer\"\n                       aria-label=\"Samsung Electronics Nordic AB\">\n                \n                                                    <img loading=\"lazy\" decoding=\"async\" width=\"300\" height=\"46\" src=\"https:\/\/www.applia-sverige.se\/wp-content\/uploads\/2024\/03\/Samsung_Orig_Wordmark_BLACK_RGB_eps-300x46.png\" class=\"attachment-medium size-medium wp-post-image\" alt=\"\" srcset=\"https:\/\/www.applia-sverige.se\/wp-content\/uploads\/2024\/03\/Samsung_Orig_Wordmark_BLACK_RGB_eps-300x46.png 300w, https:\/\/www.applia-sverige.se\/wp-content\/uploads\/2024\/03\/Samsung_Orig_Wordmark_BLACK_RGB_eps-1024x157.png 1024w, https:\/\/www.applia-sverige.se\/wp-content\/uploads\/2024\/03\/Samsung_Orig_Wordmark_BLACK_RGB_eps-768x118.png 768w, https:\/\/www.applia-sverige.se\/wp-content\/uploads\/2024\/03\/Samsung_Orig_Wordmark_BLACK_RGB_eps-1536x236.png 1536w, https:\/\/www.applia-sverige.se\/wp-content\/uploads\/2024\/03\/Samsung_Orig_Wordmark_BLACK_RGB_eps-2048x315.png 2048w, https:\/\/www.applia-sverige.se\/wp-content\/uploads\/2024\/03\/Samsung_Orig_Wordmark_BLACK_RGB_eps-1920x295.png 1920w\" sizes=\"auto, (max-width: 300px) 100vw, 300px\" \/>                                            <\/a>\n                \n                    \n                    <a class=\"carousel-item\"\n                       href=\"http:\/\/www.lg.com\/se\/\"\n                       target=\"_blank\"\n                       rel=\"noopener noreferrer\"\n                       aria-label=\"LG Electronics Nordic AB\">\n                \n                                                    <img loading=\"lazy\" decoding=\"async\" width=\"300\" height=\"133\" src=\"https:\/\/www.applia-sverige.se\/wp-content\/uploads\/2024\/03\/lg_logo-300x133.png\" class=\"attachment-medium size-medium wp-post-image\" alt=\"\" srcset=\"https:\/\/www.applia-sverige.se\/wp-content\/uploads\/2024\/03\/lg_logo-300x133.png 300w, https:\/\/www.applia-sverige.se\/wp-content\/uploads\/2024\/03\/lg_logo-768x341.png 768w, https:\/\/www.applia-sverige.se\/wp-content\/uploads\/2024\/03\/lg_logo.png 930w\" sizes=\"auto, (max-width: 300px) 100vw, 300px\" \/>                                            <\/a>\n                \n                    \n                    <a class=\"carousel-item\"\n                       href=\"https:\/\/www.wilfa.se\/\"\n                       target=\"_blank\"\n                       rel=\"noopener noreferrer\"\n                       aria-label=\"Wilfa Sverige AB\">\n                \n                                                    <img loading=\"lazy\" decoding=\"async\" width=\"300\" height=\"300\" src=\"https:\/\/www.applia-sverige.se\/wp-content\/uploads\/2024\/03\/Wilfa-200x200@2x-300x300.png\" class=\"attachment-medium size-medium wp-post-image\" alt=\"\" srcset=\"https:\/\/www.applia-sverige.se\/wp-content\/uploads\/2024\/03\/Wilfa-200x200@2x-300x300.png 300w, https:\/\/www.applia-sverige.se\/wp-content\/uploads\/2024\/03\/Wilfa-200x200@2x-150x150.png 150w, https:\/\/www.applia-sverige.se\/wp-content\/uploads\/2024\/03\/Wilfa-200x200@2x.png 400w\" sizes=\"auto, (max-width: 300px) 100vw, 300px\" \/>                                            <\/a>\n                \n                    \n                    <a class=\"carousel-item\"\n                       href=\"http:\/\/www.electroluxprofessional.com\/\"\n                       target=\"_blank\"\n                       rel=\"noopener noreferrer\"\n                       aria-label=\"Electrolux Professional AB\">\n                \n                                                    <img loading=\"lazy\" decoding=\"async\" width=\"300\" height=\"69\" src=\"https:\/\/www.applia-sverige.se\/wp-content\/uploads\/2024\/03\/electrolux_professional_logo-300x69.png\" class=\"attachment-medium size-medium wp-post-image\" alt=\"\" srcset=\"https:\/\/www.applia-sverige.se\/wp-content\/uploads\/2024\/03\/electrolux_professional_logo-300x69.png 300w, https:\/\/www.applia-sverige.se\/wp-content\/uploads\/2024\/03\/electrolux_professional_logo-1024x235.png 1024w, https:\/\/www.applia-sverige.se\/wp-content\/uploads\/2024\/03\/electrolux_professional_logo-768x176.png 768w, https:\/\/www.applia-sverige.se\/wp-content\/uploads\/2024\/03\/electrolux_professional_logo-1536x353.png 1536w, https:\/\/www.applia-sverige.se\/wp-content\/uploads\/2024\/03\/electrolux_professional_logo-2048x470.png 2048w, https:\/\/www.applia-sverige.se\/wp-content\/uploads\/2024\/03\/electrolux_professional_logo-1920x441.png 1920w\" sizes=\"auto, (max-width: 300px) 100vw, 300px\" \/>                                            <\/a>\n                \n                    \n                    <a class=\"carousel-item\"\n                       href=\"https:\/\/www.melitta.se\/\"\n                       target=\"_blank\"\n                       rel=\"noopener noreferrer\"\n                       aria-label=\"Melitta Nordic AB\">\n                \n                                                    <img loading=\"lazy\" decoding=\"async\" width=\"300\" height=\"182\" src=\"https:\/\/www.applia-sverige.se\/wp-content\/uploads\/2024\/03\/melitta_logo-300x182.png\" class=\"attachment-medium size-medium wp-post-image\" alt=\"\" srcset=\"https:\/\/www.applia-sverige.se\/wp-content\/uploads\/2024\/03\/melitta_logo-300x182.png 300w, https:\/\/www.applia-sverige.se\/wp-content\/uploads\/2024\/03\/melitta_logo.png 596w\" sizes=\"auto, (max-width: 300px) 100vw, 300px\" \/>                                            <\/a>\n                \n                    \n                    <a class=\"carousel-item\"\n                       href=\"https:\/\/www.philips.se\/\"\n                       target=\"_blank\"\n                       rel=\"noopener noreferrer\"\n                       aria-label=\"Philips Consumer Lifestyle B.V.\">\n                \n                                                    <img loading=\"lazy\" decoding=\"async\" width=\"300\" height=\"55\" src=\"https:\/\/www.applia-sverige.se\/wp-content\/uploads\/2024\/03\/Philips_logo-300x55.png\" class=\"attachment-medium size-medium wp-post-image\" alt=\"\" srcset=\"https:\/\/www.applia-sverige.se\/wp-content\/uploads\/2024\/03\/Philips_logo-300x55.png 300w, https:\/\/www.applia-sverige.se\/wp-content\/uploads\/2024\/03\/Philips_logo-1024x188.png 1024w, https:\/\/www.applia-sverige.se\/wp-content\/uploads\/2024\/03\/Philips_logo-768x141.png 768w, https:\/\/www.applia-sverige.se\/wp-content\/uploads\/2024\/03\/Philips_logo-1536x282.png 1536w, https:\/\/www.applia-sverige.se\/wp-content\/uploads\/2024\/03\/Philips_logo-2048x376.png 2048w, https:\/\/www.applia-sverige.se\/wp-content\/uploads\/2024\/03\/Philips_logo-1920x352.png 1920w\" sizes=\"auto, (max-width: 300px) 100vw, 300px\" \/>                                            <\/a>\n                \n                    \n                    <a class=\"carousel-item\"\n                       href=\"http:\/\/www.electrolux.se\/\"\n                       target=\"_blank\"\n                       rel=\"noopener noreferrer\"\n                       aria-label=\"Electrolux HemProdukter AB\">\n                \n                                                    <img loading=\"lazy\" decoding=\"async\" width=\"300\" height=\"69\" src=\"https:\/\/www.applia-sverige.se\/wp-content\/uploads\/2024\/03\/electrolux-logo-300x69.png\" class=\"attachment-medium size-medium wp-post-image\" alt=\"\" srcset=\"https:\/\/www.applia-sverige.se\/wp-content\/uploads\/2024\/03\/electrolux-logo-300x69.png 300w, https:\/\/www.applia-sverige.se\/wp-content\/uploads\/2024\/03\/electrolux-logo.png 730w\" sizes=\"auto, (max-width: 300px) 100vw, 300px\" \/>                                            <\/a>\n                \n                    \n                    <a class=\"carousel-item\"\n                       href=\"http:\/\/dyson.se\/\"\n                       target=\"_blank\"\n                       rel=\"noopener noreferrer\"\n                       aria-label=\"Dyson Sweden AB\">\n                \n                                                    <img loading=\"lazy\" decoding=\"async\" width=\"300\" height=\"115\" src=\"https:\/\/www.applia-sverige.se\/wp-content\/uploads\/2024\/03\/dyson-logo-300x115.png\" class=\"attachment-medium size-medium wp-post-image\" alt=\"\" srcset=\"https:\/\/www.applia-sverige.se\/wp-content\/uploads\/2024\/03\/dyson-logo-300x115.png 300w, https:\/\/www.applia-sverige.se\/wp-content\/uploads\/2024\/03\/dyson-logo.png 309w\" sizes=\"auto, (max-width: 300px) 100vw, 300px\" \/>                                            <\/a>\n                \n                    \n                    <a class=\"carousel-item\"\n                       href=\"http:\/\/www.kitchenaid.se\/\"\n                       target=\"_blank\"\n                       rel=\"noopener noreferrer\"\n                       aria-label=\"KitchenAid\">\n                \n                                                    <img loading=\"lazy\" decoding=\"async\" width=\"300\" height=\"26\" src=\"https:\/\/www.applia-sverige.se\/wp-content\/uploads\/2024\/03\/Kitchenaid_logo2-300x26.png\" class=\"attachment-medium size-medium wp-post-image\" alt=\"\" srcset=\"https:\/\/www.applia-sverige.se\/wp-content\/uploads\/2024\/03\/Kitchenaid_logo2-300x26.png 300w, https:\/\/www.applia-sverige.se\/wp-content\/uploads\/2024\/03\/Kitchenaid_logo2-1024x90.png 1024w, https:\/\/www.applia-sverige.se\/wp-content\/uploads\/2024\/03\/Kitchenaid_logo2-768x68.png 768w, https:\/\/www.applia-sverige.se\/wp-content\/uploads\/2024\/03\/Kitchenaid_logo2-1536x135.png 1536w, https:\/\/www.applia-sverige.se\/wp-content\/uploads\/2024\/03\/Kitchenaid_logo2-2048x180.png 2048w, https:\/\/www.applia-sverige.se\/wp-content\/uploads\/2024\/03\/Kitchenaid_logo2-1920x169.png 1920w\" sizes=\"auto, (max-width: 300px) 100vw, 300px\" \/>                                            <\/a>\n                \n                    \n                    <a class=\"carousel-item\"\n                       href=\"http:\/\/www.gorenjegroupnordic.com\/\"\n                       target=\"_blank\"\n                       rel=\"noopener noreferrer\"\n                       aria-label=\"Gorenje Group Nordic\">\n                \n                                                    <img loading=\"lazy\" decoding=\"async\" width=\"300\" height=\"117\" src=\"https:\/\/www.applia-sverige.se\/wp-content\/uploads\/2024\/03\/Gorenje_logo-300x117.webp\" class=\"attachment-medium size-medium wp-post-image\" alt=\"\" srcset=\"https:\/\/www.applia-sverige.se\/wp-content\/uploads\/2024\/03\/Gorenje_logo-300x117.webp 300w, https:\/\/www.applia-sverige.se\/wp-content\/uploads\/2024\/03\/Gorenje_logo.webp 360w\" sizes=\"auto, (max-width: 300px) 100vw, 300px\" \/>                                            <\/a>\n                \n                    \n                    <a class=\"carousel-item\"\n                       href=\"http:\/\/www.gram.se\/\"\n                       target=\"_blank\"\n                       rel=\"noopener noreferrer\"\n                       aria-label=\"GRAM Vitvaror\">\n                \n                                                    <img loading=\"lazy\" decoding=\"async\" width=\"300\" height=\"75\" src=\"https:\/\/www.applia-sverige.se\/wp-content\/uploads\/2024\/03\/GRAM_logo-300x75.png\" class=\"attachment-medium size-medium wp-post-image\" alt=\"\" srcset=\"https:\/\/www.applia-sverige.se\/wp-content\/uploads\/2024\/03\/GRAM_logo-300x75.png 300w, https:\/\/www.applia-sverige.se\/wp-content\/uploads\/2024\/03\/GRAM_logo-1024x256.png 1024w, https:\/\/www.applia-sverige.se\/wp-content\/uploads\/2024\/03\/GRAM_logo-768x192.png 768w, https:\/\/www.applia-sverige.se\/wp-content\/uploads\/2024\/03\/GRAM_logo-1536x384.png 1536w, https:\/\/www.applia-sverige.se\/wp-content\/uploads\/2024\/03\/GRAM_logo.png 1890w\" sizes=\"auto, (max-width: 300px) 100vw, 300px\" \/>                                            <\/a>\n                \n                    \n                    <a class=\"carousel-item\"\n                       href=\"http:\/\/www.miele.se\/\"\n                       target=\"_blank\"\n                       rel=\"noopener noreferrer\"\n                       aria-label=\"Miele AB\">\n                \n                                                    <img loading=\"lazy\" decoding=\"async\" width=\"300\" height=\"115\" src=\"https:\/\/www.applia-sverige.se\/wp-content\/uploads\/2024\/03\/Miele_Logo-300x115.png\" class=\"attachment-medium size-medium wp-post-image\" alt=\"\" srcset=\"https:\/\/www.applia-sverige.se\/wp-content\/uploads\/2024\/03\/Miele_Logo-300x115.png 300w, https:\/\/www.applia-sverige.se\/wp-content\/uploads\/2024\/03\/Miele_Logo.png 417w\" sizes=\"auto, (max-width: 300px) 100vw, 300px\" \/>                                            <\/a>\n                \n                    \n                    <a class=\"carousel-item\"\n                       href=\"https:\/\/www.severin.se\/\"\n                       target=\"_blank\"\n                       rel=\"noopener noreferrer\"\n                       aria-label=\"Severin Svenska AB\">\n                \n                                                    <img loading=\"lazy\" decoding=\"async\" width=\"300\" height=\"39\" src=\"https:\/\/www.applia-sverige.se\/wp-content\/uploads\/2025\/11\/SEVERIN_Logo_2025_95-schwarz-300x39.png\" class=\"attachment-medium size-medium wp-post-image\" alt=\"\" srcset=\"https:\/\/www.applia-sverige.se\/wp-content\/uploads\/2025\/11\/SEVERIN_Logo_2025_95-schwarz-300x39.png 300w, https:\/\/www.applia-sverige.se\/wp-content\/uploads\/2025\/11\/SEVERIN_Logo_2025_95-schwarz-1024x133.png 1024w, https:\/\/www.applia-sverige.se\/wp-content\/uploads\/2025\/11\/SEVERIN_Logo_2025_95-schwarz-768x100.png 768w, https:\/\/www.applia-sverige.se\/wp-content\/uploads\/2025\/11\/SEVERIN_Logo_2025_95-schwarz-1536x200.png 1536w, https:\/\/www.applia-sverige.se\/wp-content\/uploads\/2025\/11\/SEVERIN_Logo_2025_95-schwarz-2048x267.png 2048w, https:\/\/www.applia-sverige.se\/wp-content\/uploads\/2025\/11\/SEVERIN_Logo_2025_95-schwarz-18x2.png 18w, https:\/\/www.applia-sverige.se\/wp-content\/uploads\/2025\/11\/SEVERIN_Logo_2025_95-schwarz-1920x250.png 1920w\" sizes=\"auto, (max-width: 300px) 100vw, 300px\" \/>                                            <\/a>\n                \n                    \n                    <a class=\"carousel-item\"\n                       href=\"https:\/\/www.groupeseb.com\/en\"\n                       target=\"_blank\"\n                       rel=\"noopener noreferrer\"\n                       aria-label=\"OBH Nordica\">\n                \n                                                    <img loading=\"lazy\" decoding=\"async\" width=\"267\" height=\"300\" src=\"https:\/\/www.applia-sverige.se\/wp-content\/uploads\/2024\/03\/OBH_Nordica_Logo-267x300.png\" class=\"attachment-medium size-medium wp-post-image\" alt=\"\" srcset=\"https:\/\/www.applia-sverige.se\/wp-content\/uploads\/2024\/03\/OBH_Nordica_Logo-267x300.png 267w, https:\/\/www.applia-sverige.se\/wp-content\/uploads\/2024\/03\/OBH_Nordica_Logo-910x1024.png 910w, https:\/\/www.applia-sverige.se\/wp-content\/uploads\/2024\/03\/OBH_Nordica_Logo-768x864.png 768w, https:\/\/www.applia-sverige.se\/wp-content\/uploads\/2024\/03\/OBH_Nordica_Logo.png 954w\" sizes=\"auto, (max-width: 267px) 100vw, 267px\" \/>                                            <\/a>\n                \n                    \n                    <a class=\"carousel-item\"\n                       href=\"http:\/\/www.delonghi.com\/sv-se\/\"\n                       target=\"_blank\"\n                       rel=\"noopener noreferrer\"\n                       aria-label=\"De\u2019Longhi Group Scandinavia AB\">\n                \n                                                    <img loading=\"lazy\" decoding=\"async\" width=\"300\" height=\"40\" src=\"https:\/\/www.applia-sverige.se\/wp-content\/uploads\/2024\/03\/de_longhi_logo-300x40.png\" class=\"attachment-medium size-medium wp-post-image\" alt=\"\" srcset=\"https:\/\/www.applia-sverige.se\/wp-content\/uploads\/2024\/03\/de_longhi_logo-300x40.png 300w, https:\/\/www.applia-sverige.se\/wp-content\/uploads\/2024\/03\/de_longhi_logo.png 630w\" sizes=\"auto, (max-width: 300px) 100vw, 300px\" \/>                                            <\/a>\n                \n                    \n                    <a class=\"carousel-item\"\n                       href=\"https:\/\/www.bosch-home.se\"\n                       target=\"_blank\"\n                       rel=\"noopener noreferrer\"\n                       aria-label=\"BSH Home Appliances AB\">\n                \n                                                    <img loading=\"lazy\" decoding=\"async\" width=\"300\" height=\"92\" src=\"https:\/\/www.applia-sverige.se\/wp-content\/uploads\/2024\/03\/Bosch-1-213x65@2x-300x92.png\" class=\"attachment-medium size-medium wp-post-image\" alt=\"\" srcset=\"https:\/\/www.applia-sverige.se\/wp-content\/uploads\/2024\/03\/Bosch-1-213x65@2x-300x92.png 300w, https:\/\/www.applia-sverige.se\/wp-content\/uploads\/2024\/03\/Bosch-1-213x65@2x.png 423w\" sizes=\"auto, (max-width: 300px) 100vw, 300px\" \/>                                            <\/a>\n                \n                    \n                    <a class=\"carousel-item\"\n                       href=\"https:\/\/www.beko.com\/se-sv\"\n                       target=\"_blank\"\n                       rel=\"noopener noreferrer\"\n                       aria-label=\"Beko Nordic AB\">\n                \n                                                    <img loading=\"lazy\" decoding=\"async\" width=\"220\" height=\"125\" src=\"https:\/\/www.applia-sverige.se\/wp-content\/uploads\/2024\/03\/beko_Logo.png\" class=\"attachment-medium size-medium wp-post-image\" alt=\"\" \/>                                            <\/a>\n                \n                    \n                    <a class=\"carousel-item\"\n                       href=\"https:\/\/www.franke.com\/se\/sv\/home.html\"\n                       target=\"_blank\"\n                       rel=\"noopener noreferrer\"\n                       aria-label=\"Franke Futurum AB\">\n                \n                                                    <img loading=\"lazy\" decoding=\"async\" width=\"300\" height=\"98\" src=\"https:\/\/www.applia-sverige.se\/wp-content\/uploads\/2024\/03\/Franke-logo-300x98.png\" class=\"attachment-medium size-medium wp-post-image\" alt=\"\" srcset=\"https:\/\/www.applia-sverige.se\/wp-content\/uploads\/2024\/03\/Franke-logo-300x98.png 300w, https:\/\/www.applia-sverige.se\/wp-content\/uploads\/2024\/03\/Franke-logo-1024x333.png 1024w, https:\/\/www.applia-sverige.se\/wp-content\/uploads\/2024\/03\/Franke-logo-768x250.png 768w, https:\/\/www.applia-sverige.se\/wp-content\/uploads\/2024\/03\/Franke-logo-1536x499.png 1536w, https:\/\/www.applia-sverige.se\/wp-content\/uploads\/2024\/03\/Franke-logo.png 1667w\" sizes=\"auto, (max-width: 300px) 100vw, 300px\" \/>                                            <\/a>\n                \n                    \n                    <a class=\"carousel-item\"\n                       href=\"https:\/\/se.bertazzoni.com\/\"\n                       target=\"_blank\"\n                       rel=\"noopener noreferrer\"\n                       aria-label=\"Bertazzoni S.p.A\">\n                \n                                                    <img loading=\"lazy\" decoding=\"async\" width=\"300\" height=\"300\" src=\"https:\/\/www.applia-sverige.se\/wp-content\/uploads\/2026\/03\/Bertazzoni-3d-with-pay-off-300x300.jpg\" class=\"attachment-medium size-medium wp-post-image\" alt=\"\" srcset=\"https:\/\/www.applia-sverige.se\/wp-content\/uploads\/2026\/03\/Bertazzoni-3d-with-pay-off-300x300.jpg 300w, https:\/\/www.applia-sverige.se\/wp-content\/uploads\/2026\/03\/Bertazzoni-3d-with-pay-off-1024x1024.jpg 1024w, https:\/\/www.applia-sverige.se\/wp-content\/uploads\/2026\/03\/Bertazzoni-3d-with-pay-off-150x150.jpg 150w, https:\/\/www.applia-sverige.se\/wp-content\/uploads\/2026\/03\/Bertazzoni-3d-with-pay-off-768x768.jpg 768w, https:\/\/www.applia-sverige.se\/wp-content\/uploads\/2026\/03\/Bertazzoni-3d-with-pay-off-1536x1536.jpg 1536w, https:\/\/www.applia-sverige.se\/wp-content\/uploads\/2026\/03\/Bertazzoni-3d-with-pay-off-12x12.jpg 12w, https:\/\/www.applia-sverige.se\/wp-content\/uploads\/2026\/03\/Bertazzoni-3d-with-pay-off-1080x1080.jpg 1080w, https:\/\/www.applia-sverige.se\/wp-content\/uploads\/2026\/03\/Bertazzoni-3d-with-pay-off.jpg 1654w\" sizes=\"auto, (max-width: 300px) 100vw, 300px\" \/>                                            <\/a>\n                \n                    \n                    <a class=\"carousel-item\"\n                       href=\"https:\/\/www.tcl.com\/se\/sv\"\n                       target=\"_blank\"\n                       rel=\"noopener noreferrer\"\n                       aria-label=\"TCL Nordics AB\">\n                \n                                                    <img loading=\"lazy\" decoding=\"async\" width=\"300\" height=\"95\" src=\"https:\/\/www.applia-sverige.se\/wp-content\/uploads\/2025\/07\/tcl-logo.avif\" class=\"attachment-medium size-medium wp-post-image\" alt=\"\" \/>                                            <\/a>\n                \n                    \n                    <a class=\"carousel-item\"\n                       href=\"http:\/\/www.cylinda.se\"\n                       target=\"_blank\"\n                       rel=\"noopener noreferrer\"\n                       aria-label=\"Cylinda AB\">\n                \n                                                    <img loading=\"lazy\" decoding=\"async\" width=\"300\" height=\"78\" src=\"https:\/\/www.applia-sverige.se\/wp-content\/uploads\/2024\/03\/cylinda_logo-300x78.png\" class=\"attachment-medium size-medium wp-post-image\" alt=\"\" srcset=\"https:\/\/www.applia-sverige.se\/wp-content\/uploads\/2024\/03\/cylinda_logo-300x78.png 300w, https:\/\/www.applia-sverige.se\/wp-content\/uploads\/2024\/03\/cylinda_logo-1024x267.png 1024w, https:\/\/www.applia-sverige.se\/wp-content\/uploads\/2024\/03\/cylinda_logo-768x200.png 768w, https:\/\/www.applia-sverige.se\/wp-content\/uploads\/2024\/03\/cylinda_logo-1536x400.png 1536w, https:\/\/www.applia-sverige.se\/wp-content\/uploads\/2024\/03\/cylinda_logo.png 1721w\" sizes=\"auto, (max-width: 300px) 100vw, 300px\" \/>                                            <\/a>\n                \n                    \n                    <a class=\"carousel-item\"\n                       href=\"http:\/\/podab.se\/\"\n                       target=\"_blank\"\n                       rel=\"noopener noreferrer\"\n                       aria-label=\"Podab AB\">\n                \n                                                    <img loading=\"lazy\" decoding=\"async\" width=\"300\" height=\"69\" src=\"https:\/\/www.applia-sverige.se\/wp-content\/uploads\/2024\/03\/PODAB_logo-300x69.png\" class=\"attachment-medium size-medium wp-post-image\" alt=\"\" srcset=\"https:\/\/www.applia-sverige.se\/wp-content\/uploads\/2024\/03\/PODAB_logo-300x69.png 300w, https:\/\/www.applia-sverige.se\/wp-content\/uploads\/2024\/03\/PODAB_logo-1024x234.png 1024w, https:\/\/www.applia-sverige.se\/wp-content\/uploads\/2024\/03\/PODAB_logo-768x176.png 768w, https:\/\/www.applia-sverige.se\/wp-content\/uploads\/2024\/03\/PODAB_logo-1536x351.png 1536w, https:\/\/www.applia-sverige.se\/wp-content\/uploads\/2024\/03\/PODAB_logo-2048x468.png 2048w, https:\/\/www.applia-sverige.se\/wp-content\/uploads\/2024\/03\/PODAB_logo-1920x439.png 1920w\" sizes=\"auto, (max-width: 300px) 100vw, 300px\" \/>                                            <\/a>\n                \n                    \n                    <a class=\"carousel-item\"\n                       href=\"https:\/\/www.versuni.com\"\n                       target=\"_blank\"\n                       rel=\"noopener noreferrer\"\n                       aria-label=\"Versuni Sweden AB\">\n                \n                                                    <img loading=\"lazy\" decoding=\"async\" width=\"300\" height=\"55\" src=\"https:\/\/www.applia-sverige.se\/wp-content\/uploads\/2024\/03\/versuni-customer-logo-300x55.png\" class=\"attachment-medium size-medium wp-post-image\" alt=\"\" srcset=\"https:\/\/www.applia-sverige.se\/wp-content\/uploads\/2024\/03\/versuni-customer-logo-300x55.png 300w, https:\/\/www.applia-sverige.se\/wp-content\/uploads\/2024\/03\/versuni-customer-logo-768x140.png 768w, https:\/\/www.applia-sverige.se\/wp-content\/uploads\/2024\/03\/versuni-customer-logo.png 992w\" sizes=\"auto, (max-width: 300px) 100vw, 300px\" \/>                                            <\/a>\n                \n                    \n                    <a class=\"carousel-item\"\n                       href=\"https:\/\/www.smeg.com\/se\"\n                       target=\"_blank\"\n                       rel=\"noopener noreferrer\"\n                       aria-label=\"Smeg AB\">\n                \n                                                    <img loading=\"lazy\" decoding=\"async\" width=\"300\" height=\"58\" src=\"https:\/\/www.applia-sverige.se\/wp-content\/uploads\/2024\/03\/smeg_logo_black-300x58.png\" class=\"attachment-medium size-medium wp-post-image\" alt=\"\" srcset=\"https:\/\/www.applia-sverige.se\/wp-content\/uploads\/2024\/03\/smeg_logo_black-300x58.png 300w, https:\/\/www.applia-sverige.se\/wp-content\/uploads\/2024\/03\/smeg_logo_black.png 398w\" sizes=\"auto, (max-width: 300px) 100vw, 300px\" \/>                                            <\/a>\n                \n                    \n                    <a class=\"carousel-item\"\n                       href=\"https:\/\/www.moccamaster.com\/se\/\"\n                       target=\"_blank\"\n                       rel=\"noopener noreferrer\"\n                       aria-label=\"Moccamaster Nordic AB\">\n                \n                                                    <img loading=\"lazy\" decoding=\"async\" width=\"300\" height=\"36\" src=\"https:\/\/www.applia-sverige.se\/wp-content\/uploads\/2024\/03\/Moccamaster_logo-300x36.png\" class=\"attachment-medium size-medium wp-post-image\" alt=\"\" srcset=\"https:\/\/www.applia-sverige.se\/wp-content\/uploads\/2024\/03\/Moccamaster_logo-300x36.png 300w, https:\/\/www.applia-sverige.se\/wp-content\/uploads\/2024\/03\/Moccamaster_logo-1024x123.png 1024w, https:\/\/www.applia-sverige.se\/wp-content\/uploads\/2024\/03\/Moccamaster_logo-768x92.png 768w, https:\/\/www.applia-sverige.se\/wp-content\/uploads\/2024\/03\/Moccamaster_logo-1536x185.png 1536w, https:\/\/www.applia-sverige.se\/wp-content\/uploads\/2024\/03\/Moccamaster_logo-2048x246.png 2048w, https:\/\/www.applia-sverige.se\/wp-content\/uploads\/2024\/03\/Moccamaster_logo-1920x231.png 1920w\" sizes=\"auto, (max-width: 300px) 100vw, 300px\" \/>                                            <\/a>\n                \n                    \n                    <a class=\"carousel-item\"\n                       href=\"http:\/\/www.ankarsrum.com\/\"\n                       target=\"_blank\"\n                       rel=\"noopener noreferrer\"\n                       aria-label=\"Ankarsrum Kitchen AB\">\n                \n                                                    <img loading=\"lazy\" decoding=\"async\" width=\"300\" height=\"32\" src=\"https:\/\/www.applia-sverige.se\/wp-content\/uploads\/2024\/03\/Ankarsrum_logo-300x32.png\" class=\"attachment-medium size-medium wp-post-image\" alt=\"\" srcset=\"https:\/\/www.applia-sverige.se\/wp-content\/uploads\/2024\/03\/Ankarsrum_logo-300x32.png 300w, https:\/\/www.applia-sverige.se\/wp-content\/uploads\/2024\/03\/Ankarsrum_logo-1024x110.png 1024w, https:\/\/www.applia-sverige.se\/wp-content\/uploads\/2024\/03\/Ankarsrum_logo-768x83.png 768w, https:\/\/www.applia-sverige.se\/wp-content\/uploads\/2024\/03\/Ankarsrum_logo.png 1329w\" sizes=\"auto, (max-width: 300px) 100vw, 300px\" \/>                                            <\/a>\n                \n                    \n                    <a class=\"carousel-item\"\n                       href=\"https:\/\/www.samsung.com\/se\/\"\n                       target=\"_blank\"\n                       rel=\"noopener noreferrer\"\n                       aria-label=\"Samsung Electronics Nordic AB\">\n                \n                                                    <img loading=\"lazy\" decoding=\"async\" width=\"300\" height=\"46\" src=\"https:\/\/www.applia-sverige.se\/wp-content\/uploads\/2024\/03\/Samsung_Orig_Wordmark_BLACK_RGB_eps-300x46.png\" class=\"attachment-medium size-medium wp-post-image\" alt=\"\" srcset=\"https:\/\/www.applia-sverige.se\/wp-content\/uploads\/2024\/03\/Samsung_Orig_Wordmark_BLACK_RGB_eps-300x46.png 300w, https:\/\/www.applia-sverige.se\/wp-content\/uploads\/2024\/03\/Samsung_Orig_Wordmark_BLACK_RGB_eps-1024x157.png 1024w, https:\/\/www.applia-sverige.se\/wp-content\/uploads\/2024\/03\/Samsung_Orig_Wordmark_BLACK_RGB_eps-768x118.png 768w, https:\/\/www.applia-sverige.se\/wp-content\/uploads\/2024\/03\/Samsung_Orig_Wordmark_BLACK_RGB_eps-1536x236.png 1536w, https:\/\/www.applia-sverige.se\/wp-content\/uploads\/2024\/03\/Samsung_Orig_Wordmark_BLACK_RGB_eps-2048x315.png 2048w, https:\/\/www.applia-sverige.se\/wp-content\/uploads\/2024\/03\/Samsung_Orig_Wordmark_BLACK_RGB_eps-1920x295.png 1920w\" sizes=\"auto, (max-width: 300px) 100vw, 300px\" \/>                                            <\/a>\n                \n                    \n                    <a class=\"carousel-item\"\n                       href=\"http:\/\/www.lg.com\/se\/\"\n                       target=\"_blank\"\n                       rel=\"noopener noreferrer\"\n                       aria-label=\"LG Electronics Nordic AB\">\n                \n                                                    <img loading=\"lazy\" decoding=\"async\" width=\"300\" height=\"133\" src=\"https:\/\/www.applia-sverige.se\/wp-content\/uploads\/2024\/03\/lg_logo-300x133.png\" class=\"attachment-medium size-medium wp-post-image\" alt=\"\" srcset=\"https:\/\/www.applia-sverige.se\/wp-content\/uploads\/2024\/03\/lg_logo-300x133.png 300w, https:\/\/www.applia-sverige.se\/wp-content\/uploads\/2024\/03\/lg_logo-768x341.png 768w, https:\/\/www.applia-sverige.se\/wp-content\/uploads\/2024\/03\/lg_logo.png 930w\" sizes=\"auto, (max-width: 300px) 100vw, 300px\" \/>                                            <\/a>\n                \n                    \n                    <a class=\"carousel-item\"\n                       href=\"https:\/\/www.wilfa.se\/\"\n                       target=\"_blank\"\n                       rel=\"noopener noreferrer\"\n                       aria-label=\"Wilfa Sverige AB\">\n                \n                                                    <img loading=\"lazy\" decoding=\"async\" width=\"300\" height=\"300\" src=\"https:\/\/www.applia-sverige.se\/wp-content\/uploads\/2024\/03\/Wilfa-200x200@2x-300x300.png\" class=\"attachment-medium size-medium wp-post-image\" alt=\"\" srcset=\"https:\/\/www.applia-sverige.se\/wp-content\/uploads\/2024\/03\/Wilfa-200x200@2x-300x300.png 300w, https:\/\/www.applia-sverige.se\/wp-content\/uploads\/2024\/03\/Wilfa-200x200@2x-150x150.png 150w, https:\/\/www.applia-sverige.se\/wp-content\/uploads\/2024\/03\/Wilfa-200x200@2x.png 400w\" sizes=\"auto, (max-width: 300px) 100vw, 300px\" \/>                                            <\/a>\n                \n                    \n                    <a class=\"carousel-item\"\n                       href=\"http:\/\/www.electroluxprofessional.com\/\"\n                       target=\"_blank\"\n                       rel=\"noopener noreferrer\"\n                       aria-label=\"Electrolux Professional AB\">\n                \n                                                    <img loading=\"lazy\" decoding=\"async\" width=\"300\" height=\"69\" src=\"https:\/\/www.applia-sverige.se\/wp-content\/uploads\/2024\/03\/electrolux_professional_logo-300x69.png\" class=\"attachment-medium size-medium wp-post-image\" alt=\"\" srcset=\"https:\/\/www.applia-sverige.se\/wp-content\/uploads\/2024\/03\/electrolux_professional_logo-300x69.png 300w, https:\/\/www.applia-sverige.se\/wp-content\/uploads\/2024\/03\/electrolux_professional_logo-1024x235.png 1024w, https:\/\/www.applia-sverige.se\/wp-content\/uploads\/2024\/03\/electrolux_professional_logo-768x176.png 768w, https:\/\/www.applia-sverige.se\/wp-content\/uploads\/2024\/03\/electrolux_professional_logo-1536x353.png 1536w, https:\/\/www.applia-sverige.se\/wp-content\/uploads\/2024\/03\/electrolux_professional_logo-2048x470.png 2048w, https:\/\/www.applia-sverige.se\/wp-content\/uploads\/2024\/03\/electrolux_professional_logo-1920x441.png 1920w\" sizes=\"auto, (max-width: 300px) 100vw, 300px\" \/>                                            <\/a>\n                \n                    \n                    <a class=\"carousel-item\"\n                       href=\"https:\/\/www.melitta.se\/\"\n                       target=\"_blank\"\n                       rel=\"noopener noreferrer\"\n                       aria-label=\"Melitta Nordic AB\">\n                \n                                                    <img loading=\"lazy\" decoding=\"async\" width=\"300\" height=\"182\" src=\"https:\/\/www.applia-sverige.se\/wp-content\/uploads\/2024\/03\/melitta_logo-300x182.png\" class=\"attachment-medium size-medium wp-post-image\" alt=\"\" srcset=\"https:\/\/www.applia-sverige.se\/wp-content\/uploads\/2024\/03\/melitta_logo-300x182.png 300w, https:\/\/www.applia-sverige.se\/wp-content\/uploads\/2024\/03\/melitta_logo.png 596w\" sizes=\"auto, (max-width: 300px) 100vw, 300px\" \/>                                            <\/a>\n                \n                    \n                    <a class=\"carousel-item\"\n                       href=\"https:\/\/www.philips.se\/\"\n                       target=\"_blank\"\n                       rel=\"noopener noreferrer\"\n                       aria-label=\"Philips Consumer Lifestyle B.V.\">\n                \n                                                    <img loading=\"lazy\" decoding=\"async\" width=\"300\" height=\"55\" src=\"https:\/\/www.applia-sverige.se\/wp-content\/uploads\/2024\/03\/Philips_logo-300x55.png\" class=\"attachment-medium size-medium wp-post-image\" alt=\"\" srcset=\"https:\/\/www.applia-sverige.se\/wp-content\/uploads\/2024\/03\/Philips_logo-300x55.png 300w, https:\/\/www.applia-sverige.se\/wp-content\/uploads\/2024\/03\/Philips_logo-1024x188.png 1024w, https:\/\/www.applia-sverige.se\/wp-content\/uploads\/2024\/03\/Philips_logo-768x141.png 768w, https:\/\/www.applia-sverige.se\/wp-content\/uploads\/2024\/03\/Philips_logo-1536x282.png 1536w, https:\/\/www.applia-sverige.se\/wp-content\/uploads\/2024\/03\/Philips_logo-2048x376.png 2048w, https:\/\/www.applia-sverige.se\/wp-content\/uploads\/2024\/03\/Philips_logo-1920x352.png 1920w\" sizes=\"auto, (max-width: 300px) 100vw, 300px\" \/>                                            <\/a>\n                \n                    \n                    <a class=\"carousel-item\"\n                       href=\"http:\/\/www.electrolux.se\/\"\n                       target=\"_blank\"\n                       rel=\"noopener noreferrer\"\n                       aria-label=\"Electrolux HemProdukter AB\">\n                \n                                                    <img loading=\"lazy\" decoding=\"async\" width=\"300\" height=\"69\" src=\"https:\/\/www.applia-sverige.se\/wp-content\/uploads\/2024\/03\/electrolux-logo-300x69.png\" class=\"attachment-medium size-medium wp-post-image\" alt=\"\" srcset=\"https:\/\/www.applia-sverige.se\/wp-content\/uploads\/2024\/03\/electrolux-logo-300x69.png 300w, https:\/\/www.applia-sverige.se\/wp-content\/uploads\/2024\/03\/electrolux-logo.png 730w\" sizes=\"auto, (max-width: 300px) 100vw, 300px\" \/>                                            <\/a>\n                \n                    \n                    <a class=\"carousel-item\"\n                       href=\"http:\/\/dyson.se\/\"\n                       target=\"_blank\"\n                       rel=\"noopener noreferrer\"\n                       aria-label=\"Dyson Sweden AB\">\n                \n                                                    <img loading=\"lazy\" decoding=\"async\" width=\"300\" height=\"115\" src=\"https:\/\/www.applia-sverige.se\/wp-content\/uploads\/2024\/03\/dyson-logo-300x115.png\" class=\"attachment-medium size-medium wp-post-image\" alt=\"\" srcset=\"https:\/\/www.applia-sverige.se\/wp-content\/uploads\/2024\/03\/dyson-logo-300x115.png 300w, https:\/\/www.applia-sverige.se\/wp-content\/uploads\/2024\/03\/dyson-logo.png 309w\" sizes=\"auto, (max-width: 300px) 100vw, 300px\" \/>                                            <\/a>\n                \n                    \n                    <a class=\"carousel-item\"\n                       href=\"http:\/\/www.kitchenaid.se\/\"\n                       target=\"_blank\"\n                       rel=\"noopener noreferrer\"\n                       aria-label=\"KitchenAid\">\n                \n                                                    <img loading=\"lazy\" decoding=\"async\" width=\"300\" height=\"26\" src=\"https:\/\/www.applia-sverige.se\/wp-content\/uploads\/2024\/03\/Kitchenaid_logo2-300x26.png\" class=\"attachment-medium size-medium wp-post-image\" alt=\"\" srcset=\"https:\/\/www.applia-sverige.se\/wp-content\/uploads\/2024\/03\/Kitchenaid_logo2-300x26.png 300w, https:\/\/www.applia-sverige.se\/wp-content\/uploads\/2024\/03\/Kitchenaid_logo2-1024x90.png 1024w, https:\/\/www.applia-sverige.se\/wp-content\/uploads\/2024\/03\/Kitchenaid_logo2-768x68.png 768w, https:\/\/www.applia-sverige.se\/wp-content\/uploads\/2024\/03\/Kitchenaid_logo2-1536x135.png 1536w, https:\/\/www.applia-sverige.se\/wp-content\/uploads\/2024\/03\/Kitchenaid_logo2-2048x180.png 2048w, https:\/\/www.applia-sverige.se\/wp-content\/uploads\/2024\/03\/Kitchenaid_logo2-1920x169.png 1920w\" sizes=\"auto, (max-width: 300px) 100vw, 300px\" \/>                                            <\/a>\n                \n                    \n                    <a class=\"carousel-item\"\n                       href=\"http:\/\/www.gorenjegroupnordic.com\/\"\n                       target=\"_blank\"\n                       rel=\"noopener noreferrer\"\n                       aria-label=\"Gorenje Group Nordic\">\n                \n                                                    <img loading=\"lazy\" decoding=\"async\" width=\"300\" height=\"117\" src=\"https:\/\/www.applia-sverige.se\/wp-content\/uploads\/2024\/03\/Gorenje_logo-300x117.webp\" class=\"attachment-medium size-medium wp-post-image\" alt=\"\" srcset=\"https:\/\/www.applia-sverige.se\/wp-content\/uploads\/2024\/03\/Gorenje_logo-300x117.webp 300w, https:\/\/www.applia-sverige.se\/wp-content\/uploads\/2024\/03\/Gorenje_logo.webp 360w\" sizes=\"auto, (max-width: 300px) 100vw, 300px\" \/>                                            <\/a>\n                \n                    \n                    <a class=\"carousel-item\"\n                       href=\"http:\/\/www.gram.se\/\"\n                       target=\"_blank\"\n                       rel=\"noopener noreferrer\"\n                       aria-label=\"GRAM Vitvaror\">\n                \n                                                    <img loading=\"lazy\" decoding=\"async\" width=\"300\" height=\"75\" src=\"https:\/\/www.applia-sverige.se\/wp-content\/uploads\/2024\/03\/GRAM_logo-300x75.png\" class=\"attachment-medium size-medium wp-post-image\" alt=\"\" srcset=\"https:\/\/www.applia-sverige.se\/wp-content\/uploads\/2024\/03\/GRAM_logo-300x75.png 300w, https:\/\/www.applia-sverige.se\/wp-content\/uploads\/2024\/03\/GRAM_logo-1024x256.png 1024w, https:\/\/www.applia-sverige.se\/wp-content\/uploads\/2024\/03\/GRAM_logo-768x192.png 768w, https:\/\/www.applia-sverige.se\/wp-content\/uploads\/2024\/03\/GRAM_logo-1536x384.png 1536w, https:\/\/www.applia-sverige.se\/wp-content\/uploads\/2024\/03\/GRAM_logo.png 1890w\" sizes=\"auto, (max-width: 300px) 100vw, 300px\" \/>                                            <\/a>\n                            <\/div>\n        <\/div>\n    <\/div>\n<\/section>\n\n\n<div style=\"height:var(--wp--preset--spacing--80)\" aria-hidden=\"true\" class=\"wp-block-spacer\"><\/div>\n","protected":false},"excerpt":{"rendered":"<p>More news &gt;&gt;<\/p>","protected":false},"author":1,"featured_media":0,"parent":0,"menu_order":0,"comment_status":"closed","ping_status":"closed","template":"","meta":{"footnotes":""},"class_list":["post-8","page","type-page","status-publish","hentry"],"acf":[],"_links":{"self":[{"href":"https:\/\/www.applia-sverige.se\/en\/wp-json\/wp\/v2\/pages\/8","targetHints":{"allow":["GET"]}}],"collection":[{"href":"https:\/\/www.applia-sverige.se\/en\/wp-json\/wp\/v2\/pages"}],"about":[{"href":"https:\/\/www.applia-sverige.se\/en\/wp-json\/wp\/v2\/types\/page"}],"author":[{"embeddable":true,"href":"https:\/\/www.applia-sverige.se\/en\/wp-json\/wp\/v2\/users\/1"}],"replies":[{"embeddable":true,"href":"https:\/\/www.applia-sverige.se\/en\/wp-json\/wp\/v2\/comments?post=8"}],"version-history":[{"count":55,"href":"https:\/\/www.applia-sverige.se\/en\/wp-json\/wp\/v2\/pages\/8\/revisions"}],"predecessor-version":[{"id":1541702,"href":"https:\/\/www.applia-sverige.se\/en\/wp-json\/wp\/v2\/pages\/8\/revisions\/1541702"}],"wp:attachment":[{"href":"https:\/\/www.applia-sverige.se\/en\/wp-json\/wp\/v2\/media?parent=8"}],"curies":[{"name":"wp","href":"https:\/\/api.w.org\/{rel}","templated":true}]}}